{"id":12997,"date":"2019-08-29T18:38:17","date_gmt":"2019-08-29T16:38:17","guid":{"rendered":"http:\/\/idnu.ch\/wordpress\/?page_id=12997"},"modified":"2019-08-29T18:38:17","modified_gmt":"2019-08-29T16:38:17","slug":"uebersichtskarte","status":"publish","type":"page","link":"https:\/\/idnu.ch\/wordpress\/uebersichtskarte\/","title":{"rendered":"\u00dcbersichtskarte"},"content":{"rendered":"<p>Wir waren schon an einigen Orten gewesen, da bietet sich eine \u00dcbersichtskarte an.<\/p>\n<div class=\"gm-map\" style=\"position: relative;height: 200px; width: 200px;\"><iframe name=\"gm-map-1\" allowfullscreen src=\"https:\/\/idnu.ch\/wordpress\/?geo_mashup_content=render-map&amp;map_data_key=2715b0ee26293603cdee5ba17b3f75e1&amp;name=gm-map-1&amp;map_content=contextual&amp;error_comment=&lt;!-- Geo Mashup hat in diesem Kontext keine darzustellenden Objekte gefunden--&gt;\" style=\"position: absolute; top: 0; left: 0; width: 100%; height: 100%; border: none; overflow: hidden;\"><\/iframe><\/div>\n","protected":false},"excerpt":{"rendered":"<p>Wir waren schon an einigen Orten gewesen, da bietet sich eine \u00dcbersichtskarte an.<\/p>\n","protected":false},"author":2,"featured_media":11171,"parent":0,"menu_order":0,"comment_status":"closed","ping_status":"closed","template":"","meta":{"_monsterinsights_skip_tracking":false,"_monsterinsights_sitenote_active":false,"_monsterinsights_sitenote_note":"","_monsterinsights_sitenote_category":0,"jetpack_post_was_ever_published":false,"footnotes":""},"tags":[1039,1277,1276],"class_list":["post-12997","page","type-page","status-publish","has-post-thumbnail","hentry","tag-karte","tag-schweizerkarte","tag-uebersicht"],"yoast_head":"<!-- This site is optimized with the Yoast SEO plugin v27.4 - https:\/\/yoast.com\/product\/yoast-seo-wordpress\/ -->\n<title>\u00dcbersichtskarte - In der Natur unterwegs<\/title>\n<meta name=\"robots\" content=\"index, follow, max-snippet:-1, max-image-preview:large, max-video-preview:-1\" \/>\n<link rel=\"canonical\" href=\"https:\/\/idnu.ch\/wordpress\/uebersichtskarte\/\" \/>\n<meta property=\"og:locale\" content=\"de_DE\" \/>\n<meta property=\"og:type\" content=\"article\" \/>\n<meta property=\"og:title\" content=\"\u00dcbersichtskarte - In der Natur unterwegs\" \/>\n<meta property=\"og:description\" content=\"Wir waren schon an einigen Orten gewesen, da bietet sich eine \u00dcbersichtskarte an.\" \/>\n<meta property=\"og:url\" content=\"https:\/\/idnu.ch\/wordpress\/uebersichtskarte\/\" \/>\n<meta property=\"og:site_name\" content=\"In der Natur unterwegs\" \/>\n<meta property=\"og:image\" content=\"https:\/\/i0.wp.com\/idnu.ch\/wordpress\/wp-content\/uploads\/2018\/11\/diethelm-20181117-55.jpg?fit=1280%2C853&ssl=1\" \/>\n\t<meta property=\"og:image:width\" content=\"1280\" \/>\n\t<meta property=\"og:image:height\" content=\"853\" \/>\n\t<meta property=\"og:image:type\" content=\"image\/jpeg\" \/>\n<meta name=\"twitter:card\" content=\"summary_large_image\" \/>\n<meta name=\"twitter:site\" content=\"@idnu_ch\" \/>\n<script type=\"application\/ld+json\" class=\"yoast-schema-graph\">{\"@context\":\"https:\\\/\\\/schema.org\",\"@graph\":[{\"@type\":\"WebPage\",\"@id\":\"https:\\\/\\\/idnu.ch\\\/wordpress\\\/uebersichtskarte\\\/\",\"url\":\"https:\\\/\\\/idnu.ch\\\/wordpress\\\/uebersichtskarte\\\/\",\"name\":\"\u00dcbersichtskarte - In der Natur unterwegs\",\"isPartOf\":{\"@id\":\"https:\\\/\\\/idnu.ch\\\/wordpress\\\/#website\"},\"primaryImageOfPage\":{\"@id\":\"https:\\\/\\\/idnu.ch\\\/wordpress\\\/uebersichtskarte\\\/#primaryimage\"},\"image\":{\"@id\":\"https:\\\/\\\/idnu.ch\\\/wordpress\\\/uebersichtskarte\\\/#primaryimage\"},\"thumbnailUrl\":\"https:\\\/\\\/i0.wp.com\\\/idnu.ch\\\/wordpress\\\/wp-content\\\/uploads\\\/2018\\\/11\\\/diethelm-20181117-55.jpg?fit=1280%2C853&ssl=1\",\"datePublished\":\"2019-08-29T16:38:17+00:00\",\"breadcrumb\":{\"@id\":\"https:\\\/\\\/idnu.ch\\\/wordpress\\\/uebersichtskarte\\\/#breadcrumb\"},\"inLanguage\":\"de\",\"potentialAction\":[{\"@type\":\"ReadAction\",\"target\":[\"https:\\\/\\\/idnu.ch\\\/wordpress\\\/uebersichtskarte\\\/\"]}]},{\"@type\":\"ImageObject\",\"inLanguage\":\"de\",\"@id\":\"https:\\\/\\\/idnu.ch\\\/wordpress\\\/uebersichtskarte\\\/#primaryimage\",\"url\":\"https:\\\/\\\/i0.wp.com\\\/idnu.ch\\\/wordpress\\\/wp-content\\\/uploads\\\/2018\\\/11\\\/diethelm-20181117-55.jpg?fit=1280%2C853&ssl=1\",\"contentUrl\":\"https:\\\/\\\/i0.wp.com\\\/idnu.ch\\\/wordpress\\\/wp-content\\\/uploads\\\/2018\\\/11\\\/diethelm-20181117-55.jpg?fit=1280%2C853&ssl=1\",\"width\":1280,\"height\":853,\"caption\":\"Den Tiefblick geniessen vor dem Gl\u00e4rnisch\"},{\"@type\":\"BreadcrumbList\",\"@id\":\"https:\\\/\\\/idnu.ch\\\/wordpress\\\/uebersichtskarte\\\/#breadcrumb\",\"itemListElement\":[{\"@type\":\"ListItem\",\"position\":1,\"name\":\"Startseite\",\"item\":\"https:\\\/\\\/idnu.ch\\\/wordpress\\\/\"},{\"@type\":\"ListItem\",\"position\":2,\"name\":\"\u00dcbersichtskarte\"}]},{\"@type\":\"WebSite\",\"@id\":\"https:\\\/\\\/idnu.ch\\\/wordpress\\\/#website\",\"url\":\"https:\\\/\\\/idnu.ch\\\/wordpress\\\/\",\"name\":\"In der Natur unterwegs\",\"description\":\"Dort, wo es am sch\u00f6nsten ist\",\"publisher\":{\"@id\":\"https:\\\/\\\/idnu.ch\\\/wordpress\\\/#\\\/schema\\\/person\\\/1ab8c5de743be7b019272124c19ad351\"},\"potentialAction\":[{\"@type\":\"SearchAction\",\"target\":{\"@type\":\"EntryPoint\",\"urlTemplate\":\"https:\\\/\\\/idnu.ch\\\/wordpress\\\/?s={search_term_string}\"},\"query-input\":{\"@type\":\"PropertyValueSpecification\",\"valueRequired\":true,\"valueName\":\"search_term_string\"}}],\"inLanguage\":\"de\"},{\"@type\":[\"Person\",\"Organization\"],\"@id\":\"https:\\\/\\\/idnu.ch\\\/wordpress\\\/#\\\/schema\\\/person\\\/1ab8c5de743be7b019272124c19ad351\",\"name\":\"Urs Kyburz\",\"image\":{\"@type\":\"ImageObject\",\"inLanguage\":\"de\",\"@id\":\"https:\\\/\\\/i0.wp.com\\\/idnu.ch\\\/wordpress\\\/wp-content\\\/uploads\\\/2016\\\/02\\\/logo_150x165.gif?fit=3151%2C3456&ssl=1\",\"url\":\"https:\\\/\\\/i0.wp.com\\\/idnu.ch\\\/wordpress\\\/wp-content\\\/uploads\\\/2016\\\/02\\\/logo_150x165.gif?fit=3151%2C3456&ssl=1\",\"contentUrl\":\"https:\\\/\\\/i0.wp.com\\\/idnu.ch\\\/wordpress\\\/wp-content\\\/uploads\\\/2016\\\/02\\\/logo_150x165.gif?fit=3151%2C3456&ssl=1\",\"width\":3151,\"height\":3456,\"caption\":\"Urs Kyburz\"},\"logo\":{\"@id\":\"https:\\\/\\\/i0.wp.com\\\/idnu.ch\\\/wordpress\\\/wp-content\\\/uploads\\\/2016\\\/02\\\/logo_150x165.gif?fit=3151%2C3456&ssl=1\"}}]}<\/script>\n<!-- \/ Yoast SEO plugin. -->","yoast_head_json":{"title":"\u00dcbersichtskarte - In der Natur unterwegs","robots":{"index":"index","follow":"follow","max-snippet":"max-snippet:-1","max-image-preview":"max-image-preview:large","max-video-preview":"max-video-preview:-1"},"canonical":"https:\/\/idnu.ch\/wordpress\/uebersichtskarte\/","og_locale":"de_DE","og_type":"article","og_title":"\u00dcbersichtskarte - In der Natur unterwegs","og_description":"Wir waren schon an einigen Orten gewesen, da bietet sich eine \u00dcbersichtskarte an.","og_url":"https:\/\/idnu.ch\/wordpress\/uebersichtskarte\/","og_site_name":"In der Natur unterwegs","og_image":[{"width":1280,"height":853,"url":"https:\/\/i0.wp.com\/idnu.ch\/wordpress\/wp-content\/uploads\/2018\/11\/diethelm-20181117-55.jpg?fit=1280%2C853&ssl=1","type":"image\/jpeg"}],"twitter_card":"summary_large_image","twitter_site":"@idnu_ch","schema":{"@context":"https:\/\/schema.org","@graph":[{"@type":"WebPage","@id":"https:\/\/idnu.ch\/wordpress\/uebersichtskarte\/","url":"https:\/\/idnu.ch\/wordpress\/uebersichtskarte\/","name":"\u00dcbersichtskarte - In der Natur unterwegs","isPartOf":{"@id":"https:\/\/idnu.ch\/wordpress\/#website"},"primaryImageOfPage":{"@id":"https:\/\/idnu.ch\/wordpress\/uebersichtskarte\/#primaryimage"},"image":{"@id":"https:\/\/idnu.ch\/wordpress\/uebersichtskarte\/#primaryimage"},"thumbnailUrl":"https:\/\/i0.wp.com\/idnu.ch\/wordpress\/wp-content\/uploads\/2018\/11\/diethelm-20181117-55.jpg?fit=1280%2C853&ssl=1","datePublished":"2019-08-29T16:38:17+00:00","breadcrumb":{"@id":"https:\/\/idnu.ch\/wordpress\/uebersichtskarte\/#breadcrumb"},"inLanguage":"de","potentialAction":[{"@type":"ReadAction","target":["https:\/\/idnu.ch\/wordpress\/uebersichtskarte\/"]}]},{"@type":"ImageObject","inLanguage":"de","@id":"https:\/\/idnu.ch\/wordpress\/uebersichtskarte\/#primaryimage","url":"https:\/\/i0.wp.com\/idnu.ch\/wordpress\/wp-content\/uploads\/2018\/11\/diethelm-20181117-55.jpg?fit=1280%2C853&ssl=1","contentUrl":"https:\/\/i0.wp.com\/idnu.ch\/wordpress\/wp-content\/uploads\/2018\/11\/diethelm-20181117-55.jpg?fit=1280%2C853&ssl=1","width":1280,"height":853,"caption":"Den Tiefblick geniessen vor dem Gl\u00e4rnisch"},{"@type":"BreadcrumbList","@id":"https:\/\/idnu.ch\/wordpress\/uebersichtskarte\/#breadcrumb","itemListElement":[{"@type":"ListItem","position":1,"name":"Startseite","item":"https:\/\/idnu.ch\/wordpress\/"},{"@type":"ListItem","position":2,"name":"\u00dcbersichtskarte"}]},{"@type":"WebSite","@id":"https:\/\/idnu.ch\/wordpress\/#website","url":"https:\/\/idnu.ch\/wordpress\/","name":"In der Natur unterwegs","description":"Dort, wo es am sch\u00f6nsten ist","publisher":{"@id":"https:\/\/idnu.ch\/wordpress\/#\/schema\/person\/1ab8c5de743be7b019272124c19ad351"},"potentialAction":[{"@type":"SearchAction","target":{"@type":"EntryPoint","urlTemplate":"https:\/\/idnu.ch\/wordpress\/?s={search_term_string}"},"query-input":{"@type":"PropertyValueSpecification","valueRequired":true,"valueName":"search_term_string"}}],"inLanguage":"de"},{"@type":["Person","Organization"],"@id":"https:\/\/idnu.ch\/wordpress\/#\/schema\/person\/1ab8c5de743be7b019272124c19ad351","name":"Urs Kyburz","image":{"@type":"ImageObject","inLanguage":"de","@id":"https:\/\/i0.wp.com\/idnu.ch\/wordpress\/wp-content\/uploads\/2016\/02\/logo_150x165.gif?fit=3151%2C3456&ssl=1","url":"https:\/\/i0.wp.com\/idnu.ch\/wordpress\/wp-content\/uploads\/2016\/02\/logo_150x165.gif?fit=3151%2C3456&ssl=1","contentUrl":"https:\/\/i0.wp.com\/idnu.ch\/wordpress\/wp-content\/uploads\/2016\/02\/logo_150x165.gif?fit=3151%2C3456&ssl=1","width":3151,"height":3456,"caption":"Urs Kyburz"},"logo":{"@id":"https:\/\/i0.wp.com\/idnu.ch\/wordpress\/wp-content\/uploads\/2016\/02\/logo_150x165.gif?fit=3151%2C3456&ssl=1"}}]}},"jetpack_sharing_enabled":true,"jetpack_shortlink":"https:\/\/wp.me\/P6MmGG-3nD","jetpack-related-posts":[{"id":29,"url":"https:\/\/idnu.ch\/wordpress\/in-der-natur-unterwegs\/","url_meta":{"origin":12997,"position":0},"title":"In der Natur unterwegs","author":"Urs Kyburz","date":"4. Oktober 2015","format":false,"excerpt":"Unterwegs sein. In der Natur. Das ist unsere Passion. Ob zu Fuss, auf dem Bike, in steilen Felsw\u00e4nden, in Eis und Schnee. Wir lieben die Natur, interessieren uns auch f\u00fcr die Zusammenh\u00e4nge. Deshalb sind wir auch sehr oft dort unterwegs. Ob wir reich sind, wenn wir so oft weg sind?\u2026","rel":"","context":"\u00c4hnlicher Beitrag","block_context":{"text":"\u00c4hnlicher Beitrag","link":""},"img":{"alt_text":"","src":"https:\/\/i0.wp.com\/idnu.ch\/wordpress\/wp-content\/uploads\/2015\/09\/01_locarnese_0106.jpg?fit=1200%2C800&ssl=1&resize=350%2C200","width":350,"height":200,"srcset":"https:\/\/i0.wp.com\/idnu.ch\/wordpress\/wp-content\/uploads\/2015\/09\/01_locarnese_0106.jpg?fit=1200%2C800&ssl=1&resize=350%2C200 1x, https:\/\/i0.wp.com\/idnu.ch\/wordpress\/wp-content\/uploads\/2015\/09\/01_locarnese_0106.jpg?fit=1200%2C800&ssl=1&resize=525%2C300 1.5x, https:\/\/i0.wp.com\/idnu.ch\/wordpress\/wp-content\/uploads\/2015\/09\/01_locarnese_0106.jpg?fit=1200%2C800&ssl=1&resize=700%2C400 2x, https:\/\/i0.wp.com\/idnu.ch\/wordpress\/wp-content\/uploads\/2015\/09\/01_locarnese_0106.jpg?fit=1200%2C800&ssl=1&resize=1050%2C600 3x"},"classes":[]},{"id":55,"url":"https:\/\/idnu.ch\/wordpress\/buecher\/","url_meta":{"origin":12997,"position":1},"title":"B\u00fccher","author":"Urs Kyburz","date":"23. September 2015","format":false,"excerpt":"U. Kyburz Das Velobuch f\u00fcr Familien 14 Touren und informative Kapitel zu den Themen Velofahren mit Kindern vom Anh\u00e4nger zum eigenen Velo, Tourenplanung und einfachen Reparaturen. Touren: Einmal quer durch den Jura \u2013 Transjurane Eine Wochentour entlang dem Rhein \u201eDr sch\u00f6ne gr\u00fcene Aare na\u201c Im Vorgarten der Alpen: Menziken \u2013\u2026","rel":"","context":"\u00c4hnlicher Beitrag","block_context":{"text":"\u00c4hnlicher Beitrag","link":""},"img":{"alt_text":"Das Velobuch f\u00fcr Familien","src":"https:\/\/i0.wp.com\/idnu.ch\/wordpress\/wp-content\/uploads\/2017\/04\/205_600x600_DasVelobuchfrFamilien10_velobuch_2017_cover-215x300.jpg?resize=350%2C200&ssl=1","width":350,"height":200},"classes":[]},{"id":18214,"url":"https:\/\/idnu.ch\/wordpress\/buecher\/das-bergtourenbuch-fuer-familien\/","url_meta":{"origin":12997,"position":2},"title":"Das Bergtourenbuch f\u00fcr Familien","author":"Urs Kyburz","date":"1. Mai 2021","format":false,"excerpt":"Das Bergtourenbuch f\u00fcr Familien beschreibt 21 wunderbare Wanderungen in der Schweiz, von der kleinen Jurawanderung bis zum Dreitausender. Einleitung Berge faszinieren. Die meisten kennen sie aber nur von den Bergstationen der Bahnen her. Mit diesem F\u00fchrer haben Sie sich entschieden, etwas anderes zu wagen. Richtig hinein in die Bergwelt. Verlassen\u2026","rel":"","context":"\u00c4hnlicher Beitrag","block_context":{"text":"\u00c4hnlicher Beitrag","link":""},"img":{"alt_text":"","src":"https:\/\/i0.wp.com\/idnu.ch\/wordpress\/wp-content\/uploads\/2020\/02\/breccaschlund-4.jpg?fit=1200%2C800&ssl=1&resize=350%2C200","width":350,"height":200,"srcset":"https:\/\/i0.wp.com\/idnu.ch\/wordpress\/wp-content\/uploads\/2020\/02\/breccaschlund-4.jpg?fit=1200%2C800&ssl=1&resize=350%2C200 1x, https:\/\/i0.wp.com\/idnu.ch\/wordpress\/wp-content\/uploads\/2020\/02\/breccaschlund-4.jpg?fit=1200%2C800&ssl=1&resize=525%2C300 1.5x, https:\/\/i0.wp.com\/idnu.ch\/wordpress\/wp-content\/uploads\/2020\/02\/breccaschlund-4.jpg?fit=1200%2C800&ssl=1&resize=700%2C400 2x, https:\/\/i0.wp.com\/idnu.ch\/wordpress\/wp-content\/uploads\/2020\/02\/breccaschlund-4.jpg?fit=1200%2C800&ssl=1&resize=1050%2C600 3x"},"classes":[]},{"id":11485,"url":"https:\/\/idnu.ch\/wordpress\/ueber-uns\/datenschutzerklaerung\/","url_meta":{"origin":12997,"position":3},"title":"Datenschutzerkl\u00e4rung","author":"Urs Kyburz","date":"6. Januar 2019","format":false,"excerpt":"Wer sind wir? Die Adresse unserer Website lautet: https:\/\/in-der-natur-unterwegs.ch\/ Diese Webseite und deren Inhalt wird durch eine private Person ohne kommerzielle Interessen zur Verf\u00fcgung gestellt. Verantwortliche Stelle im Sinne der Datenschutzgesetze, insbesondere der EU-Datenschutzgrundverordnung (DSGVO), lautet: Urs Kyburz Schorenstrasse 31 5734 Reinach AG E-Mail: urs.kyburz@idnu.ch Webseite: https:\/\/in-der-natur-unterwegs.ch Allgemeiner Hinweis Gest\u00fctzt\u2026","rel":"","context":"In \"Datenschutzerkl\u00e4rung\"","block_context":{"text":"Datenschutzerkl\u00e4rung","link":"https:\/\/idnu.ch\/wordpress\/tag\/datenschutzerklaerung\/"},"img":{"alt_text":"","src":"","width":0,"height":0},"classes":[]},{"id":38,"url":"https:\/\/idnu.ch\/wordpress\/ueber-uns\/","url_meta":{"origin":12997,"position":4},"title":"\u00dcber uns","author":"Urs Kyburz","date":"2. November 2015","format":false,"excerpt":"Unsere Familie ist am liebsten in der Natur unterwegs: Als Wanderer, Biker, Kletterer, Skitourengeher, Bergsteiger, Naturbeobachter. Wir bereisen auf diese Art die ganze Schweiz und lieben es, immer wieder neue Gegenden zu entdecken. All diese Touren schweissen uns zusammen, wir sind ein Outdoor-Team. \u00a0(*1971) Seit den 90er Jahren bin ich\u2026","rel":"","context":"\u00c4hnlicher Beitrag","block_context":{"text":"\u00c4hnlicher Beitrag","link":""},"img":{"alt_text":"Urs Kyburz","src":"https:\/\/i0.wp.com\/idnu.ch\/wordpress\/wp-content\/uploads\/2015\/11\/urs-20171021-150x150.jpg?resize=350%2C200&ssl=1","width":350,"height":200},"classes":[]}],"jetpack_likes_enabled":true,"_links":{"self":[{"href":"https:\/\/idnu.ch\/wordpress\/wp-json\/wp\/v2\/pages\/12997","targetHints":{"allow":["GET"]}}],"collection":[{"href":"https:\/\/idnu.ch\/wordpress\/wp-json\/wp\/v2\/pages"}],"about":[{"href":"https:\/\/idnu.ch\/wordpress\/wp-json\/wp\/v2\/types\/page"}],"author":[{"embeddable":true,"href":"https:\/\/idnu.ch\/wordpress\/wp-json\/wp\/v2\/users\/2"}],"replies":[{"embeddable":true,"href":"https:\/\/idnu.ch\/wordpress\/wp-json\/wp\/v2\/comments?post=12997"}],"version-history":[{"count":2,"href":"https:\/\/idnu.ch\/wordpress\/wp-json\/wp\/v2\/pages\/12997\/revisions"}],"predecessor-version":[{"id":12999,"href":"https:\/\/idnu.ch\/wordpress\/wp-json\/wp\/v2\/pages\/12997\/revisions\/12999"}],"wp:featuredmedia":[{"embeddable":true,"href":"https:\/\/idnu.ch\/wordpress\/wp-json\/wp\/v2\/media\/11171"}],"wp:attachment":[{"href":"https:\/\/idnu.ch\/wordpress\/wp-json\/wp\/v2\/media?parent=12997"}],"wp:term":[{"taxonomy":"post_tag","embeddable":true,"href":"https:\/\/idnu.ch\/wordpress\/wp-json\/wp\/v2\/tags?post=12997"}],"curies":[{"name":"wp","href":"https:\/\/api.w.org\/{rel}","templated":true}]}}