{"id":18214,"date":"2021-05-01T14:59:16","date_gmt":"2021-05-01T12:59:16","guid":{"rendered":"https:\/\/idnu.ch\/wordpress\/?page_id=18214"},"modified":"2026-04-12T17:54:00","modified_gmt":"2026-04-12T15:54:00","slug":"das-bergtourenbuch-fuer-familien","status":"publish","type":"page","link":"https:\/\/idnu.ch\/wordpress\/buecher\/das-bergtourenbuch-fuer-familien\/","title":{"rendered":"Das Bergtourenbuch f\u00fcr Familien"},"content":{"rendered":"<p><strong>Das Bergtourenbuch f\u00fcr Familien beschreibt 21 wunderbare Wanderungen in der Schweiz, von der kleinen Jurawanderung bis zum Dreitausender.<\/strong><\/p>\n<figure id=\"attachment_517\" aria-describedby=\"caption-attachment-517\" style=\"width: 1024px\" class=\"wp-caption alignnone\"><a href=\"https:\/\/i0.wp.com\/idnu.ch\/wordpress\/wp-content\/uploads\/2015\/08\/01_locarnese_0108.jpg?ssl=1\"><img data-recalc-dims=\"1\" loading=\"lazy\" decoding=\"async\" data-attachment-id=\"517\" data-permalink=\"https:\/\/idnu.ch\/wordpress\/vier-taeler-drei-paesse-im-locarnese\/01_locarnese_0108\/#main\" data-orig-file=\"https:\/\/i0.wp.com\/idnu.ch\/wordpress\/wp-content\/uploads\/2015\/08\/01_locarnese_0108.jpg?fit=1024%2C683&amp;ssl=1\" data-orig-size=\"1024,683\" data-comments-opened=\"1\" data-image-meta=\"{&quot;aperture&quot;:&quot;0&quot;,&quot;credit&quot;:&quot;&quot;,&quot;camera&quot;:&quot;&quot;,&quot;caption&quot;:&quot;&quot;,&quot;created_timestamp&quot;:&quot;0&quot;,&quot;copyright&quot;:&quot;&quot;,&quot;focal_length&quot;:&quot;0&quot;,&quot;iso&quot;:&quot;0&quot;,&quot;shutter_speed&quot;:&quot;0&quot;,&quot;title&quot;:&quot;&quot;,&quot;orientation&quot;:&quot;0&quot;}\" data-image-title=\"Aussicht ins Valle di Vergeletto\" data-image-description=\"\" data-image-caption=\"&lt;p&gt;Aussicht ins Valle di Vergeletto&lt;\/p&gt;\n\" data-large-file=\"https:\/\/i0.wp.com\/idnu.ch\/wordpress\/wp-content\/uploads\/2015\/08\/01_locarnese_0108.jpg?fit=750%2C500&amp;ssl=1\" class=\"size-full wp-image-517\" src=\"https:\/\/i0.wp.com\/idnu.ch\/wordpress\/wp-content\/uploads\/2015\/08\/01_locarnese_0108.jpg?resize=750%2C500&#038;ssl=1\" alt=\"Aussicht ins Valle di Vergeletto\" width=\"750\" height=\"500\" srcset=\"https:\/\/i0.wp.com\/idnu.ch\/wordpress\/wp-content\/uploads\/2015\/08\/01_locarnese_0108.jpg?w=1024&amp;ssl=1 1024w, https:\/\/i0.wp.com\/idnu.ch\/wordpress\/wp-content\/uploads\/2015\/08\/01_locarnese_0108.jpg?resize=300%2C200&amp;ssl=1 300w, https:\/\/i0.wp.com\/idnu.ch\/wordpress\/wp-content\/uploads\/2015\/08\/01_locarnese_0108.jpg?resize=150%2C100&amp;ssl=1 150w\" sizes=\"auto, (max-width: 750px) 100vw, 750px\" \/><\/a><figcaption id=\"caption-attachment-517\" class=\"wp-caption-text\">Aussicht ins Valle di Vergeletto<\/figcaption><\/figure>\n<h2>Einleitung<\/h2>\n<p>Berge faszinieren. Die meisten kennen sie aber nur von den Bergstationen der Bahnen her. Mit diesem F\u00fchrer haben Sie sich entschieden, etwas anderes zu wagen. Richtig hinein in die Bergwelt. Verlassen der Wanderautobahnen. Wenn Sie<\/p>\n<ul>\n<li>kindergerechte Touren in den Schwierigkeitsgraden bis T3<\/li>\n<li>Naturerlebnisse abseits von ausgetretenen Pfaden und grossen Tourismusdestinationen<\/li>\n<li>Informationen zur Tourenplanung und Ausr\u00fcstung<\/li>\n<li>Wissenswertes f\u00fcr unterwegs<\/li>\n<li>Tipps und Tricks zur Motivation von Kindern<\/li>\n<\/ul>\n<p>suchen, sind Sie genau richtig. Jede Tour wurde mit Kindern abgewandert und von diesen anschliessend bewertet. Sie beurteilten, ob die Tour f\u00fcr alle Kinder machbar ist, oder ob es schon gewisse Erfahrung und Kondition voraussetzt. Die Touren sind nach der Schwierigkeit aufsteigend sortiert. So k\u00f6nnen Sie Erfahrung sammeln f\u00fcr die n\u00e4chst schwierigere Tour. Mit kleinen Kindern starten sie mit der Wanderung auf den Villiger Geissberg, steigern sich langsam, bis Sie bereit sind f\u00fcr die ganz grossen Berge \u00fcber 3000 Meter.<\/p>\n<p>Auf vielen Touren werden Sie ziemlich einsam unterwegs sein, das Erlebnis ist daf\u00fcr umso eindr\u00fccklicher. Geniessen Sie die grossartige Bergwelt mit Ihren Kindern, tauchen Sie ein in eine andere Welt, eine Welt der Ruhe und der Weite, wo \u00fcberall Geheimnisse darauf warten entdeckt zu werden. Nehmen Sie diese Erfahrung mit in den Alltag, denken Sie daran zur\u00fcck, wenn es wieder mal hektisch wird.<\/p>\n<p>Markus Imhoof, der bekannte Schweizer Regisseur, sagte in einem Interview auf DRS3: \u201eBergtouren macht man auch nicht, um es bequem zu haben, sondern um etwas zu erleben.\u201c In diesem Sinne w\u00fcnsche ich Ihnen viel Spass und Erlebnisse auf den Wanderungen.<\/p>\n<p>Urs Kyburz<\/p>\n<figure id=\"attachment_3931\" aria-describedby=\"caption-attachment-3931\" style=\"width: 1200px\" class=\"wp-caption alignnone\"><a href=\"https:\/\/i0.wp.com\/idnu.ch\/wordpress\/wp-content\/uploads\/2016\/04\/hasliberg_0122.jpg?ssl=1\"><img data-recalc-dims=\"1\" loading=\"lazy\" decoding=\"async\" data-attachment-id=\"3931\" data-permalink=\"https:\/\/idnu.ch\/wordpress\/buecher\/das-bergtourenbuch-fuer-familien\/hasliberg_0122\/#main\" data-orig-file=\"https:\/\/i0.wp.com\/idnu.ch\/wordpress\/wp-content\/uploads\/2016\/04\/hasliberg_0122.jpg?fit=1200%2C1600&amp;ssl=1\" data-orig-size=\"1200,1600\" data-comments-opened=\"1\" data-image-meta=\"{&quot;aperture&quot;:&quot;3.5&quot;,&quot;credit&quot;:&quot;&quot;,&quot;camera&quot;:&quot;Canon PowerShot A710 IS&quot;,&quot;caption&quot;:&quot;&quot;,&quot;created_timestamp&quot;:&quot;1249467779&quot;,&quot;copyright&quot;:&quot;&quot;,&quot;focal_length&quot;:&quot;9.954&quot;,&quot;iso&quot;:&quot;0&quot;,&quot;shutter_speed&quot;:&quot;0.0008&quot;,&quot;title&quot;:&quot;&quot;,&quot;orientation&quot;:&quot;1&quot;}\" data-image-title=\"Gipfelrast vor dem Lauteraarhorn (4042 m)\" data-image-description=\"\" data-image-caption=\"&lt;p&gt;Gipfelrast vor dem Lauteraarhorn (4042 m)&lt;\/p&gt;\n\" data-large-file=\"https:\/\/i0.wp.com\/idnu.ch\/wordpress\/wp-content\/uploads\/2016\/04\/hasliberg_0122.jpg?fit=750%2C1000&amp;ssl=1\" class=\"size-full wp-image-3931\" src=\"https:\/\/i0.wp.com\/idnu.ch\/wordpress\/wp-content\/uploads\/2016\/04\/hasliberg_0122.jpg?resize=750%2C1000&#038;ssl=1\" alt=\"Gipfelrast vor dem Lauteraarhorn (4042 m)\" width=\"750\" height=\"1000\" srcset=\"https:\/\/i0.wp.com\/idnu.ch\/wordpress\/wp-content\/uploads\/2016\/04\/hasliberg_0122.jpg?w=1200&amp;ssl=1 1200w, https:\/\/i0.wp.com\/idnu.ch\/wordpress\/wp-content\/uploads\/2016\/04\/hasliberg_0122.jpg?resize=225%2C300&amp;ssl=1 225w, https:\/\/i0.wp.com\/idnu.ch\/wordpress\/wp-content\/uploads\/2016\/04\/hasliberg_0122.jpg?resize=768%2C1024&amp;ssl=1 768w, https:\/\/i0.wp.com\/idnu.ch\/wordpress\/wp-content\/uploads\/2016\/04\/hasliberg_0122.jpg?resize=75%2C100&amp;ssl=1 75w\" sizes=\"auto, (max-width: 750px) 100vw, 750px\" \/><\/a><figcaption id=\"caption-attachment-3931\" class=\"wp-caption-text\">Gipfelrast vor dem Lauteraarhorn (4042 m)<\/figcaption><\/figure>\n<h2>Inhalt<\/h2>\n<p>Die nicht verlinkten Touren folgen noch.<\/p>\n<ol>\n<li><strong><a href=\"https:\/\/idnu.ch\/wordpress\/warum-der-geissberg-gaemsberg-heissen-sollte\/\" target=\"_blank\" rel=\"noopener\">Villiger Geissberg<\/a><\/strong>: Der Geissberg sollte G\u00e4msberg heissen<\/li>\n<li><strong><a href=\"https:\/\/idnu.ch\/wordpress\/vergnuegliches-und-lehrreiches-in-den-bergen\/\" target=\"_blank\" rel=\"noopener\">Wirzweli<\/a><\/strong>, Nidwalden: Vergn\u00fcgliches und Lehrreiches<\/li>\n<li><strong><a href=\"https:\/\/idnu.ch\/wordpress\/das-rhonetal-aus-der-vogelperspektive\/\" target=\"_blank\" rel=\"noopener\">Illhorn<\/a><\/strong>: Das Rhonetal aus der Vogelperspektive<\/li>\n<li><strong><a href=\"https:\/\/idnu.ch\/wordpress\/von-pass-zu-pass-ueber-die-wasserflue-im-aargauer-jura\/\" target=\"_blank\" rel=\"noopener\">Wasserflue<\/a><\/strong>: Von Pass zu Pass durch den Aargauer Jura<\/li>\n<li><strong><a href=\"https:\/\/idnu.ch\/wordpress\/das-buochserhorn-und-seine-beruehmten-nachbarn\/\" target=\"_blank\" rel=\"noopener\">Buochserhorn<\/a><\/strong>: Die Urschweiz zu unseren F\u00fcssen<\/li>\n<li><a href=\"https:\/\/idnu.ch\/wordpress\/geologie-im-naturlabor\/\"><strong>Capanna Leit<\/strong><\/a>, Rodi: Geologie im Naturlabor<\/li>\n<li><strong><a href=\"https:\/\/idnu.ch\/wordpress\/uralte-baeume-in-einer-urlandschaft\/\" target=\"_blank\" rel=\"noopener\">Urlandschaft Brecca<\/a><\/strong>, Schwarzsee: Uralte B\u00e4ume in einer Urlandschaft<\/li>\n<li><strong><a href=\"https:\/\/idnu.ch\/wordpress\/aussicht-a-discretion\/\" target=\"_blank\" rel=\"noopener\">La Berra<\/a><\/strong>: Aussicht \u00e0 discr\u00e9tion<\/li>\n<li><strong><a href=\"https:\/\/idnu.ch\/wordpress\/wo-ist-der-gipfel\/\" target=\"_blank\" rel=\"noopener\">Le Soliat<\/a><\/strong>: Wo ist der Gipfel?<\/li>\n<li><strong><a href=\"https:\/\/idnu.ch\/wordpress\/schwimmen-mit-den-kaulquappen\/\" target=\"_blank\" rel=\"noopener\">M\u00e4ssersee<\/a><\/strong>: Schwimmen mit den Kaulquappen<\/li>\n<li><strong><a href=\"https:\/\/idnu.ch\/wordpress\/zwischen-wallis-und-bern-auf-dem-sidelhorn\/\" target=\"_blank\" rel=\"noopener\">Sidelhorn<\/a><\/strong>: Zwischen Wallis und Bern<\/li>\n<li><strong><a href=\"https:\/\/idnu.ch\/wordpress\/grossartige-aussicht-im-kleinen-laendle\/\" target=\"_blank\" rel=\"noopener\">Augstenberg<\/a><\/strong>: Grosse Aussicht im kleinen L\u00e4ndle<\/li>\n<li><strong><a href=\"https:\/\/idnu.ch\/wordpress\/durch-fichten-und-foehren-zur-sonne\/\" target=\"_blank\" rel=\"noopener\">Sunniggr\u00e4tli<\/a><\/strong>: Durch Fichten und F\u00f6hren zur Sonne<\/li>\n<li><strong><a href=\"https:\/\/idnu.ch\/wordpress\/auf-der-speerspitze-ueber-dem-nebel\/\" target=\"_blank\" rel=\"noopener\">Speer<\/a><\/strong>: Der Speer ragt aus dem Nebel<\/li>\n<li><strong><a href=\"https:\/\/idnu.ch\/wordpress\/auf-safari-im-val-trupchun\/\" target=\"_blank\" rel=\"noopener\">Val Trupchun<\/a><\/strong>, Nationalpark: Alle Tier sind schon da<\/li>\n<li><a href=\"https:\/\/idnu.ch\/wordpress\/wovon-50-millionen-menschen-traeumen\/\" target=\"_blank\" rel=\"noopener\"><strong>Rossbodenstock und Pazzolastock<\/strong><\/a>: Wovon 50 Millionen Menschen tr\u00e4umen<\/li>\n<li><a href=\"https:\/\/idnu.ch\/wordpress\/herbst-symphonie-in-leuchtenden-farben\/\" target=\"_blank\" rel=\"noopener\"><strong>Fl\u00fcela Schwarzhorn<\/strong><\/a>: Herbst-Symphonie in leuchtenden Farben<\/li>\n<li><a href=\"https:\/\/idnu.ch\/wordpress\/eine-farbenfrohe-rundtour\/\">G\u00e4llihorn und Wyssi Flue<\/a>: Eine farbenfrohe Rundtour<\/li>\n<li><a href=\"https:\/\/idnu.ch\/wordpress\/ein-zackiger-dreitausender-fuer-kinder\/\" target=\"_blank\" rel=\"noopener\"><strong>Klein Furkahorn<\/strong><\/a>: Die Kinderaugen strahlen beim Strahlen<\/li>\n<li><strong><a href=\"https:\/\/idnu.ch\/wordpress\/gletscher-vor-dem-fenster\/\">Turtmannh\u00fctte<\/a><\/strong>: Gletscher vor dem Fenster<\/li>\n<li><strong><a href=\"https:\/\/idnu.ch\/wordpress\/auf-dem-hoechsten-wanderberg-europas\/\" target=\"_blank\" rel=\"noopener\">\u00dcsseres Barrhorn<\/a><\/strong>: Auf Augenh\u00f6he mit dem H\u00f6chsten<\/li>\n<\/ol>\n<h3>Tourenplanung und -durchf\u00fchrung<\/h3>\n<ul>\n<li><strong><a href=\"https:\/\/idnu.ch\/wordpress\/touren-planen-eine-notwendigkeit\/\" target=\"_blank\" rel=\"noopener\">Touren planen, eine Notwendigkeit<\/a><\/strong><\/li>\n<li><strong><a href=\"https:\/\/idnu.ch\/wordpress\/unterwegs-auf-tour\/\" target=\"_blank\" rel=\"noopener\">Unterwegs auf Tour<\/a><\/strong><\/li>\n<li><strong><a href=\"https:\/\/idnu.ch\/wordpress\/kinder-motivieren\/\" target=\"_blank\" rel=\"noopener\">Kinder motivieren<\/a><\/strong><\/li>\n<li>Ausr\u00fcstung f\u00fcrs Wandern<\/li>\n<\/ul>\n<p><iframe loading=\"lazy\" src=\"https:\/\/www.google.com\/maps\/d\/embed?mid=1HL7_vJEuQqCPKrkqsyFJR55_GZu56egj\" width=\"640\" height=\"480\"><\/iframe><\/p>\n","protected":false},"excerpt":{"rendered":"<p>Das Bergtourenbuch f\u00fcr Familien beschreibt 21 wunderbare Wanderungen in der Schweiz, von der&#8230;<\/p>\n","protected":false},"author":2,"featured_media":14804,"parent":55,"menu_order":0,"comment_status":"closed","ping_status":"closed","template":"","meta":{"_monsterinsights_skip_tracking":false,"_monsterinsights_sitenote_active":false,"_monsterinsights_sitenote_note":"","_monsterinsights_sitenote_category":0,"jetpack_post_was_ever_published":false,"footnotes":""},"tags":[],"class_list":["post-18214","page","type-page","status-publish","has-post-thumbnail","hentry"],"yoast_head":"<!-- This site is optimized with the Yoast SEO plugin v27.4 - https:\/\/yoast.com\/product\/yoast-seo-wordpress\/ -->\n<title>Das Bergtourenbuch f\u00fcr Familien - In der Natur unterwegs<\/title>\n<meta name=\"description\" content=\"21 Bergtouren f\u00fcr Familien, von der kleinen Jurawanderung bis zum Dreitausender, verteilt in der ganzen Schweiz.\" \/>\n<meta name=\"robots\" content=\"index, follow, max-snippet:-1, max-image-preview:large, max-video-preview:-1\" \/>\n<link rel=\"canonical\" href=\"https:\/\/idnu.ch\/wordpress\/buecher\/das-bergtourenbuch-fuer-familien\/\" \/>\n<meta property=\"og:locale\" content=\"de_DE\" \/>\n<meta property=\"og:type\" content=\"article\" \/>\n<meta property=\"og:title\" content=\"Das Bergtourenbuch f\u00fcr Familien - In der Natur unterwegs\" \/>\n<meta property=\"og:description\" content=\"21 Bergtouren f\u00fcr Familien, von der kleinen Jurawanderung bis zum Dreitausender, verteilt in der ganzen Schweiz.\" \/>\n<meta property=\"og:url\" content=\"https:\/\/idnu.ch\/wordpress\/buecher\/das-bergtourenbuch-fuer-familien\/\" \/>\n<meta property=\"og:site_name\" content=\"In der Natur unterwegs\" \/>\n<meta property=\"article:modified_time\" content=\"2026-04-12T15:54:00+00:00\" \/>\n<meta property=\"og:image\" content=\"https:\/\/idnu.ch\/wordpress\/wp-content\/uploads\/2020\/02\/breccaschlund-4.jpg\" \/>\n\t<meta property=\"og:image:width\" content=\"1280\" \/>\n\t<meta property=\"og:image:height\" content=\"853\" \/>\n\t<meta property=\"og:image:type\" content=\"image\/jpeg\" \/>\n<meta name=\"twitter:card\" content=\"summary_large_image\" \/>\n<meta name=\"twitter:site\" content=\"@idnu_ch\" \/>\n<meta name=\"twitter:label1\" content=\"Gesch\u00e4tzte Lesezeit\" \/>\n\t<meta name=\"twitter:data1\" content=\"4\u00a0Minuten\" \/>\n<script type=\"application\/ld+json\" class=\"yoast-schema-graph\">{\"@context\":\"https:\\\/\\\/schema.org\",\"@graph\":[{\"@type\":\"WebPage\",\"@id\":\"https:\\\/\\\/idnu.ch\\\/wordpress\\\/buecher\\\/das-bergtourenbuch-fuer-familien\\\/\",\"url\":\"https:\\\/\\\/idnu.ch\\\/wordpress\\\/buecher\\\/das-bergtourenbuch-fuer-familien\\\/\",\"name\":\"Das Bergtourenbuch f\u00fcr Familien - In der Natur unterwegs\",\"isPartOf\":{\"@id\":\"https:\\\/\\\/idnu.ch\\\/wordpress\\\/#website\"},\"primaryImageOfPage\":{\"@id\":\"https:\\\/\\\/idnu.ch\\\/wordpress\\\/buecher\\\/das-bergtourenbuch-fuer-familien\\\/#primaryimage\"},\"image\":{\"@id\":\"https:\\\/\\\/idnu.ch\\\/wordpress\\\/buecher\\\/das-bergtourenbuch-fuer-familien\\\/#primaryimage\"},\"thumbnailUrl\":\"https:\\\/\\\/i0.wp.com\\\/idnu.ch\\\/wordpress\\\/wp-content\\\/uploads\\\/2020\\\/02\\\/breccaschlund-4.jpg?fit=1280%2C853&ssl=1\",\"datePublished\":\"2021-05-01T12:59:16+00:00\",\"dateModified\":\"2026-04-12T15:54:00+00:00\",\"description\":\"21 Bergtouren f\u00fcr Familien, von der kleinen Jurawanderung bis zum Dreitausender, verteilt in der ganzen Schweiz.\",\"breadcrumb\":{\"@id\":\"https:\\\/\\\/idnu.ch\\\/wordpress\\\/buecher\\\/das-bergtourenbuch-fuer-familien\\\/#breadcrumb\"},\"inLanguage\":\"de\",\"potentialAction\":[{\"@type\":\"ReadAction\",\"target\":[\"https:\\\/\\\/idnu.ch\\\/wordpress\\\/buecher\\\/das-bergtourenbuch-fuer-familien\\\/\"]}]},{\"@type\":\"ImageObject\",\"inLanguage\":\"de\",\"@id\":\"https:\\\/\\\/idnu.ch\\\/wordpress\\\/buecher\\\/das-bergtourenbuch-fuer-familien\\\/#primaryimage\",\"url\":\"https:\\\/\\\/i0.wp.com\\\/idnu.ch\\\/wordpress\\\/wp-content\\\/uploads\\\/2020\\\/02\\\/breccaschlund-4.jpg?fit=1280%2C853&ssl=1\",\"contentUrl\":\"https:\\\/\\\/i0.wp.com\\\/idnu.ch\\\/wordpress\\\/wp-content\\\/uploads\\\/2020\\\/02\\\/breccaschlund-4.jpg?fit=1280%2C853&ssl=1\",\"width\":1280,\"height\":853,\"caption\":\"Gem\u00fctlich wandern in sch\u00f6ner Landschaft\"},{\"@type\":\"BreadcrumbList\",\"@id\":\"https:\\\/\\\/idnu.ch\\\/wordpress\\\/buecher\\\/das-bergtourenbuch-fuer-familien\\\/#breadcrumb\",\"itemListElement\":[{\"@type\":\"ListItem\",\"position\":1,\"name\":\"Startseite\",\"item\":\"https:\\\/\\\/idnu.ch\\\/wordpress\\\/\"},{\"@type\":\"ListItem\",\"position\":2,\"name\":\"B\u00fccher\",\"item\":\"https:\\\/\\\/idnu.ch\\\/wordpress\\\/buecher\\\/\"},{\"@type\":\"ListItem\",\"position\":3,\"name\":\"Das Bergtourenbuch f\u00fcr Familien\"}]},{\"@type\":\"WebSite\",\"@id\":\"https:\\\/\\\/idnu.ch\\\/wordpress\\\/#website\",\"url\":\"https:\\\/\\\/idnu.ch\\\/wordpress\\\/\",\"name\":\"In der Natur unterwegs\",\"description\":\"Dort, wo es am sch\u00f6nsten ist\",\"publisher\":{\"@id\":\"https:\\\/\\\/idnu.ch\\\/wordpress\\\/#\\\/schema\\\/person\\\/1ab8c5de743be7b019272124c19ad351\"},\"potentialAction\":[{\"@type\":\"SearchAction\",\"target\":{\"@type\":\"EntryPoint\",\"urlTemplate\":\"https:\\\/\\\/idnu.ch\\\/wordpress\\\/?s={search_term_string}\"},\"query-input\":{\"@type\":\"PropertyValueSpecification\",\"valueRequired\":true,\"valueName\":\"search_term_string\"}}],\"inLanguage\":\"de\"},{\"@type\":[\"Person\",\"Organization\"],\"@id\":\"https:\\\/\\\/idnu.ch\\\/wordpress\\\/#\\\/schema\\\/person\\\/1ab8c5de743be7b019272124c19ad351\",\"name\":\"Urs Kyburz\",\"image\":{\"@type\":\"ImageObject\",\"inLanguage\":\"de\",\"@id\":\"https:\\\/\\\/i0.wp.com\\\/idnu.ch\\\/wordpress\\\/wp-content\\\/uploads\\\/2016\\\/02\\\/logo_150x165.gif?fit=3151%2C3456&ssl=1\",\"url\":\"https:\\\/\\\/i0.wp.com\\\/idnu.ch\\\/wordpress\\\/wp-content\\\/uploads\\\/2016\\\/02\\\/logo_150x165.gif?fit=3151%2C3456&ssl=1\",\"contentUrl\":\"https:\\\/\\\/i0.wp.com\\\/idnu.ch\\\/wordpress\\\/wp-content\\\/uploads\\\/2016\\\/02\\\/logo_150x165.gif?fit=3151%2C3456&ssl=1\",\"width\":3151,\"height\":3456,\"caption\":\"Urs Kyburz\"},\"logo\":{\"@id\":\"https:\\\/\\\/i0.wp.com\\\/idnu.ch\\\/wordpress\\\/wp-content\\\/uploads\\\/2016\\\/02\\\/logo_150x165.gif?fit=3151%2C3456&ssl=1\"}}]}<\/script>\n<!-- \/ Yoast SEO plugin. -->","yoast_head_json":{"title":"Das Bergtourenbuch f\u00fcr Familien - In der Natur unterwegs","description":"21 Bergtouren f\u00fcr Familien, von der kleinen Jurawanderung bis zum Dreitausender, verteilt in der ganzen Schweiz.","robots":{"index":"index","follow":"follow","max-snippet":"max-snippet:-1","max-image-preview":"max-image-preview:large","max-video-preview":"max-video-preview:-1"},"canonical":"https:\/\/idnu.ch\/wordpress\/buecher\/das-bergtourenbuch-fuer-familien\/","og_locale":"de_DE","og_type":"article","og_title":"Das Bergtourenbuch f\u00fcr Familien - In der Natur unterwegs","og_description":"21 Bergtouren f\u00fcr Familien, von der kleinen Jurawanderung bis zum Dreitausender, verteilt in der ganzen Schweiz.","og_url":"https:\/\/idnu.ch\/wordpress\/buecher\/das-bergtourenbuch-fuer-familien\/","og_site_name":"In der Natur unterwegs","article_modified_time":"2026-04-12T15:54:00+00:00","og_image":[{"width":1280,"height":853,"url":"https:\/\/idnu.ch\/wordpress\/wp-content\/uploads\/2020\/02\/breccaschlund-4.jpg","type":"image\/jpeg"}],"twitter_card":"summary_large_image","twitter_site":"@idnu_ch","twitter_misc":{"Gesch\u00e4tzte Lesezeit":"4\u00a0Minuten"},"schema":{"@context":"https:\/\/schema.org","@graph":[{"@type":"WebPage","@id":"https:\/\/idnu.ch\/wordpress\/buecher\/das-bergtourenbuch-fuer-familien\/","url":"https:\/\/idnu.ch\/wordpress\/buecher\/das-bergtourenbuch-fuer-familien\/","name":"Das Bergtourenbuch f\u00fcr Familien - In der Natur unterwegs","isPartOf":{"@id":"https:\/\/idnu.ch\/wordpress\/#website"},"primaryImageOfPage":{"@id":"https:\/\/idnu.ch\/wordpress\/buecher\/das-bergtourenbuch-fuer-familien\/#primaryimage"},"image":{"@id":"https:\/\/idnu.ch\/wordpress\/buecher\/das-bergtourenbuch-fuer-familien\/#primaryimage"},"thumbnailUrl":"https:\/\/i0.wp.com\/idnu.ch\/wordpress\/wp-content\/uploads\/2020\/02\/breccaschlund-4.jpg?fit=1280%2C853&ssl=1","datePublished":"2021-05-01T12:59:16+00:00","dateModified":"2026-04-12T15:54:00+00:00","description":"21 Bergtouren f\u00fcr Familien, von der kleinen Jurawanderung bis zum Dreitausender, verteilt in der ganzen Schweiz.","breadcrumb":{"@id":"https:\/\/idnu.ch\/wordpress\/buecher\/das-bergtourenbuch-fuer-familien\/#breadcrumb"},"inLanguage":"de","potentialAction":[{"@type":"ReadAction","target":["https:\/\/idnu.ch\/wordpress\/buecher\/das-bergtourenbuch-fuer-familien\/"]}]},{"@type":"ImageObject","inLanguage":"de","@id":"https:\/\/idnu.ch\/wordpress\/buecher\/das-bergtourenbuch-fuer-familien\/#primaryimage","url":"https:\/\/i0.wp.com\/idnu.ch\/wordpress\/wp-content\/uploads\/2020\/02\/breccaschlund-4.jpg?fit=1280%2C853&ssl=1","contentUrl":"https:\/\/i0.wp.com\/idnu.ch\/wordpress\/wp-content\/uploads\/2020\/02\/breccaschlund-4.jpg?fit=1280%2C853&ssl=1","width":1280,"height":853,"caption":"Gem\u00fctlich wandern in sch\u00f6ner Landschaft"},{"@type":"BreadcrumbList","@id":"https:\/\/idnu.ch\/wordpress\/buecher\/das-bergtourenbuch-fuer-familien\/#breadcrumb","itemListElement":[{"@type":"ListItem","position":1,"name":"Startseite","item":"https:\/\/idnu.ch\/wordpress\/"},{"@type":"ListItem","position":2,"name":"B\u00fccher","item":"https:\/\/idnu.ch\/wordpress\/buecher\/"},{"@type":"ListItem","position":3,"name":"Das Bergtourenbuch f\u00fcr Familien"}]},{"@type":"WebSite","@id":"https:\/\/idnu.ch\/wordpress\/#website","url":"https:\/\/idnu.ch\/wordpress\/","name":"In der Natur unterwegs","description":"Dort, wo es am sch\u00f6nsten ist","publisher":{"@id":"https:\/\/idnu.ch\/wordpress\/#\/schema\/person\/1ab8c5de743be7b019272124c19ad351"},"potentialAction":[{"@type":"SearchAction","target":{"@type":"EntryPoint","urlTemplate":"https:\/\/idnu.ch\/wordpress\/?s={search_term_string}"},"query-input":{"@type":"PropertyValueSpecification","valueRequired":true,"valueName":"search_term_string"}}],"inLanguage":"de"},{"@type":["Person","Organization"],"@id":"https:\/\/idnu.ch\/wordpress\/#\/schema\/person\/1ab8c5de743be7b019272124c19ad351","name":"Urs Kyburz","image":{"@type":"ImageObject","inLanguage":"de","@id":"https:\/\/i0.wp.com\/idnu.ch\/wordpress\/wp-content\/uploads\/2016\/02\/logo_150x165.gif?fit=3151%2C3456&ssl=1","url":"https:\/\/i0.wp.com\/idnu.ch\/wordpress\/wp-content\/uploads\/2016\/02\/logo_150x165.gif?fit=3151%2C3456&ssl=1","contentUrl":"https:\/\/i0.wp.com\/idnu.ch\/wordpress\/wp-content\/uploads\/2016\/02\/logo_150x165.gif?fit=3151%2C3456&ssl=1","width":3151,"height":3456,"caption":"Urs Kyburz"},"logo":{"@id":"https:\/\/i0.wp.com\/idnu.ch\/wordpress\/wp-content\/uploads\/2016\/02\/logo_150x165.gif?fit=3151%2C3456&ssl=1"}}]}},"jetpack_sharing_enabled":true,"jetpack_shortlink":"https:\/\/wp.me\/P6MmGG-4JM","jetpack-related-posts":[{"id":55,"url":"https:\/\/idnu.ch\/wordpress\/buecher\/","url_meta":{"origin":18214,"position":0},"title":"B\u00fccher","author":"Urs Kyburz","date":"23. September 2015","format":false,"excerpt":"U. Kyburz Das Velobuch f\u00fcr Familien 14 Touren und informative Kapitel zu den Themen Velofahren mit Kindern vom Anh\u00e4nger zum eigenen Velo, Tourenplanung und einfachen Reparaturen. Touren: Einmal quer durch den Jura \u2013 Transjurane Eine Wochentour entlang dem Rhein \u201eDr sch\u00f6ne gr\u00fcene Aare na\u201c Im Vorgarten der Alpen: Menziken \u2013\u2026","rel":"","context":"\u00c4hnlicher Beitrag","block_context":{"text":"\u00c4hnlicher Beitrag","link":""},"img":{"alt_text":"Das Velobuch f\u00fcr Familien","src":"https:\/\/i0.wp.com\/idnu.ch\/wordpress\/wp-content\/uploads\/2017\/04\/205_600x600_DasVelobuchfrFamilien10_velobuch_2017_cover-215x300.jpg?resize=350%2C200&ssl=1","width":350,"height":200},"classes":[]},{"id":38,"url":"https:\/\/idnu.ch\/wordpress\/ueber-uns\/","url_meta":{"origin":18214,"position":1},"title":"\u00dcber uns","author":"Urs Kyburz","date":"2. November 2015","format":false,"excerpt":"Unsere Familie ist am liebsten in der Natur unterwegs: Als Wanderer, Biker, Kletterer, Skitourengeher, Bergsteiger, Naturbeobachter. Wir bereisen auf diese Art die ganze Schweiz und lieben es, immer wieder neue Gegenden zu entdecken. All diese Touren schweissen uns zusammen, wir sind ein Outdoor-Team. \u00a0(*1971) Seit den 90er Jahren bin ich\u2026","rel":"","context":"\u00c4hnlicher Beitrag","block_context":{"text":"\u00c4hnlicher Beitrag","link":""},"img":{"alt_text":"Urs Kyburz","src":"https:\/\/i0.wp.com\/idnu.ch\/wordpress\/wp-content\/uploads\/2015\/11\/urs-20171021-150x150.jpg?resize=350%2C200&ssl=1","width":350,"height":200},"classes":[]},{"id":58,"url":"https:\/\/idnu.ch\/wordpress\/wandermagazin\/","url_meta":{"origin":18214,"position":2},"title":"Wandermagazin","author":"Urs Kyburz","date":"23. September 2015","format":false,"excerpt":"Meine Familientipps im Wandermagazin SCHWEIZ: Mehrtageswanderung durch das Hinterland von Locarno Heft 7\/2016 Printausgabe bestellen Digitale Ausgabe bestellen Ausf\u00fchrlicher Bericht unter\u00a0Vier T\u00e4ler, drei P\u00e4sse im Locarnese Langlaufen im L\u00f6tschental: F\u00fcr Kinder geeignet? Heft 01_02\/2016 Bestellen Ausf\u00fchrlicher Bericht unter\u00a0Sport und Erholung im L\u00f6tschental Der Wald im Winter: Was man so alles\u2026","rel":"","context":"\u00c4hnlicher Beitrag","block_context":{"text":"\u00c4hnlicher Beitrag","link":""},"img":{"alt_text":"Durchs wilde Locarnese","src":"https:\/\/i0.wp.com\/idnu.ch\/wordpress\/wp-content\/uploads\/2016\/06\/4taeler3paesse-207x300.jpg?resize=350%2C200&ssl=1","width":350,"height":200},"classes":[]},{"id":29,"url":"https:\/\/idnu.ch\/wordpress\/in-der-natur-unterwegs\/","url_meta":{"origin":18214,"position":3},"title":"In der Natur unterwegs","author":"Urs Kyburz","date":"4. Oktober 2015","format":false,"excerpt":"Unterwegs sein. In der Natur. Das ist unsere Passion. Ob zu Fuss, auf dem Bike, in steilen Felsw\u00e4nden, in Eis und Schnee. Wir lieben die Natur, interessieren uns auch f\u00fcr die Zusammenh\u00e4nge. Deshalb sind wir auch sehr oft dort unterwegs. Ob wir reich sind, wenn wir so oft weg sind?\u2026","rel":"","context":"\u00c4hnlicher Beitrag","block_context":{"text":"\u00c4hnlicher Beitrag","link":""},"img":{"alt_text":"","src":"https:\/\/i0.wp.com\/idnu.ch\/wordpress\/wp-content\/uploads\/2015\/09\/01_locarnese_0106.jpg?fit=1200%2C800&ssl=1&resize=350%2C200","width":350,"height":200,"srcset":"https:\/\/i0.wp.com\/idnu.ch\/wordpress\/wp-content\/uploads\/2015\/09\/01_locarnese_0106.jpg?fit=1200%2C800&ssl=1&resize=350%2C200 1x, https:\/\/i0.wp.com\/idnu.ch\/wordpress\/wp-content\/uploads\/2015\/09\/01_locarnese_0106.jpg?fit=1200%2C800&ssl=1&resize=525%2C300 1.5x, https:\/\/i0.wp.com\/idnu.ch\/wordpress\/wp-content\/uploads\/2015\/09\/01_locarnese_0106.jpg?fit=1200%2C800&ssl=1&resize=700%2C400 2x, https:\/\/i0.wp.com\/idnu.ch\/wordpress\/wp-content\/uploads\/2015\/09\/01_locarnese_0106.jpg?fit=1200%2C800&ssl=1&resize=1050%2C600 3x"},"classes":[]},{"id":1682,"url":"https:\/\/idnu.ch\/wordpress\/impressum\/","url_meta":{"origin":18214,"position":4},"title":"Impressum","author":"Urs Kyburz","date":"2. November 2015","format":false,"excerpt":"Inhalte S\u00e4mtliche Inhalte stammen, wenn nicht anders erw\u00e4hnt, vom Autor selber und basieren auf dessen eigenen Erfahrungen und Erlebnissen. Kontaktadresse Urs Kyburz Schorenstrasse 31 CH-5734 Reinach Kontakt Haftungsausschluss Der Autor \u00fcbernimmt keinerlei Gew\u00e4hr hinsichtlich der inhaltlichen Richtigkeit, Genauigkeit, Aktualit\u00e4t, Zuverl\u00e4ssigkeit und Vollst\u00e4ndigkeit der Informationen. Haftungsanspr\u00fcche gegen den Autor wegen Sch\u00e4den\u2026","rel":"","context":"\u00c4hnlicher Beitrag","block_context":{"text":"\u00c4hnlicher Beitrag","link":""},"img":{"alt_text":"","src":"","width":0,"height":0},"classes":[]},{"id":11485,"url":"https:\/\/idnu.ch\/wordpress\/ueber-uns\/datenschutzerklaerung\/","url_meta":{"origin":18214,"position":5},"title":"Datenschutzerkl\u00e4rung","author":"Urs Kyburz","date":"6. Januar 2019","format":false,"excerpt":"Wer sind wir? Die Adresse unserer Website lautet: https:\/\/in-der-natur-unterwegs.ch\/ Diese Webseite und deren Inhalt wird durch eine private Person ohne kommerzielle Interessen zur Verf\u00fcgung gestellt. Verantwortliche Stelle im Sinne der Datenschutzgesetze, insbesondere der EU-Datenschutzgrundverordnung (DSGVO), lautet: Urs Kyburz Schorenstrasse 31 5734 Reinach AG E-Mail: urs.kyburz@idnu.ch Webseite: https:\/\/in-der-natur-unterwegs.ch Allgemeiner Hinweis Gest\u00fctzt\u2026","rel":"","context":"In \"Datenschutzerkl\u00e4rung\"","block_context":{"text":"Datenschutzerkl\u00e4rung","link":"https:\/\/idnu.ch\/wordpress\/tag\/datenschutzerklaerung\/"},"img":{"alt_text":"","src":"","width":0,"height":0},"classes":[]}],"jetpack_likes_enabled":true,"_links":{"self":[{"href":"https:\/\/idnu.ch\/wordpress\/wp-json\/wp\/v2\/pages\/18214","targetHints":{"allow":["GET"]}}],"collection":[{"href":"https:\/\/idnu.ch\/wordpress\/wp-json\/wp\/v2\/pages"}],"about":[{"href":"https:\/\/idnu.ch\/wordpress\/wp-json\/wp\/v2\/types\/page"}],"author":[{"embeddable":true,"href":"https:\/\/idnu.ch\/wordpress\/wp-json\/wp\/v2\/users\/2"}],"replies":[{"embeddable":true,"href":"https:\/\/idnu.ch\/wordpress\/wp-json\/wp\/v2\/comments?post=18214"}],"version-history":[{"count":9,"href":"https:\/\/idnu.ch\/wordpress\/wp-json\/wp\/v2\/pages\/18214\/revisions"}],"predecessor-version":[{"id":28863,"href":"https:\/\/idnu.ch\/wordpress\/wp-json\/wp\/v2\/pages\/18214\/revisions\/28863"}],"up":[{"embeddable":true,"href":"https:\/\/idnu.ch\/wordpress\/wp-json\/wp\/v2\/pages\/55"}],"wp:featuredmedia":[{"embeddable":true,"href":"https:\/\/idnu.ch\/wordpress\/wp-json\/wp\/v2\/media\/14804"}],"wp:attachment":[{"href":"https:\/\/idnu.ch\/wordpress\/wp-json\/wp\/v2\/media?parent=18214"}],"wp:term":[{"taxonomy":"post_tag","embeddable":true,"href":"https:\/\/idnu.ch\/wordpress\/wp-json\/wp\/v2\/tags?post=18214"}],"curies":[{"name":"wp","href":"https:\/\/api.w.org\/{rel}","templated":true}]}}