{"id":38,"date":"2015-11-02T09:32:06","date_gmt":"2015-11-02T08:32:06","guid":{"rendered":"http:\/\/idnu.ch\/wordpress\/?page_id=38"},"modified":"2023-06-05T09:28:30","modified_gmt":"2023-06-05T07:28:30","slug":"ueber-uns","status":"publish","type":"page","link":"https:\/\/idnu.ch\/wordpress\/ueber-uns\/","title":{"rendered":"\u00dcber uns"},"content":{"rendered":"<p>Unsere Familie ist am liebsten in der Natur unterwegs: Als Wanderer, Biker, Kletterer, Skitourengeher, Bergsteiger, Naturbeobachter. Wir bereisen auf diese Art die ganze Schweiz und lieben es, immer wieder neue Gegenden zu entdecken. All diese Touren schweissen uns zusammen, wir sind ein Outdoor-Team.<\/p>\n<table>\n<tbody>\n<tr>\n<td>\n<p><figure id=\"attachment_8513\" aria-describedby=\"caption-attachment-8513\" style=\"width: 150px\" class=\"wp-caption aligncenter\"><img data-recalc-dims=\"1\" loading=\"lazy\" decoding=\"async\" data-attachment-id=\"8513\" data-permalink=\"https:\/\/idnu.ch\/wordpress\/ueber-uns\/urs-20171021\/#main\" data-orig-file=\"https:\/\/i0.wp.com\/idnu.ch\/wordpress\/wp-content\/uploads\/2015\/11\/urs-20171021.jpg?fit=512%2C512&amp;ssl=1\" data-orig-size=\"512,512\" data-comments-opened=\"1\" data-image-meta=\"{&quot;aperture&quot;:&quot;5.6&quot;,&quot;credit&quot;:&quot;Urs Kyburz&quot;,&quot;camera&quot;:&quot;Canon PowerShot G16&quot;,&quot;caption&quot;:&quot;&quot;,&quot;created_timestamp&quot;:&quot;1508600263&quot;,&quot;copyright&quot;:&quot;\\u00a9 Urs Kyburz&quot;,&quot;focal_length&quot;:&quot;13.366&quot;,&quot;iso&quot;:&quot;80&quot;,&quot;shutter_speed&quot;:&quot;0.033333333333333&quot;,&quot;title&quot;:&quot;&quot;,&quot;orientation&quot;:&quot;0&quot;}\" data-image-title=\"Urs Kyburz\" data-image-description=\"\" data-image-caption=\"&lt;p&gt;Urs Kyburz&lt;\/p&gt;\n\" data-large-file=\"https:\/\/i0.wp.com\/idnu.ch\/wordpress\/wp-content\/uploads\/2015\/11\/urs-20171021.jpg?fit=512%2C512&amp;ssl=1\" class=\"size-thumbnail wp-image-8513\" src=\"https:\/\/i0.wp.com\/idnu.ch\/wordpress\/wp-content\/uploads\/2015\/11\/urs-20171021.jpg?resize=150%2C150&#038;ssl=1\" alt=\"Urs Kyburz\" width=\"150\" height=\"150\" srcset=\"https:\/\/i0.wp.com\/idnu.ch\/wordpress\/wp-content\/uploads\/2015\/11\/urs-20171021.jpg?resize=150%2C150&amp;ssl=1 150w, https:\/\/i0.wp.com\/idnu.ch\/wordpress\/wp-content\/uploads\/2015\/11\/urs-20171021.jpg?resize=300%2C300&amp;ssl=1 300w, https:\/\/i0.wp.com\/idnu.ch\/wordpress\/wp-content\/uploads\/2015\/11\/urs-20171021.jpg?resize=100%2C100&amp;ssl=1 100w, https:\/\/i0.wp.com\/idnu.ch\/wordpress\/wp-content\/uploads\/2015\/11\/urs-20171021.jpg?w=512&amp;ssl=1 512w\" sizes=\"auto, (max-width: 150px) 100vw, 150px\" \/><figcaption id=\"caption-attachment-8513\" class=\"wp-caption-text\">Urs Kyburz<\/figcaption><\/figure><\/td>\n<td style=\"text-align: justify;\">\u00a0(*1971) Seit den 90er Jahren bin ich mal intensiv, mal weniger, in den Bergen unterwegs. Mussten es in meiner wilden Zeit die hohen Berge sein im Wallis und Berner Oberland, hat sich das inzwischen familienbedingt auf die niedrigeren Berge verlagert. Ob auf Skis, auf Steigeisen, in Wanderschuhen, auf dem Bike oder in Kletterfinken, wichtig ist, in meinen geliebten Bergen unterwegs zu sein.<br \/>\nMeine Bergfreunde finde ich beim\u00a0<a href=\"http:\/\/www.sac-homberg.ch\/\" target=\"_blank\" rel=\"noopener noreferrer\">SAC Homberg<\/a>, wo ich Touren leite und im Vorstand aktiv bin. Dort habe ich auch meine Frau kennen gelernt. Mit ihr zusammen habe ich viele grosse Touren unternommen, sowohl im Fels wie im Eis. Unsere zwei Buben liessen uns dann unsere Schwerpunkte anderweitig setzen, aber erfreulicherweise treten sie in unsere Fussstapfen. Ob Klettern, Skitouren oder Biken, nichts ist ihnen zu wild. <del>Als n\u00e4chstes soll es dann ein Viertausender sein.<\/del> Inzwischen haben sie auch ihren ersten Viertausender, das <a href=\"https:\/\/idnu.ch\/wordpress\/family-on-tour-in-saas-fee\/\">Allalinhorn<\/a>, bestiegen.<br \/>\nIch arbeite als Softwareentwickler und habe schon f\u00fcr verschiedene Zeitschriften und Blogs Artikel geschrieben. Ich bin offen f\u00fcr Angebote im Outdoor-Journalismus.<\/td>\n<\/tr>\n<tr>\n<td>\u00a0Doris Kyburz<\/td>\n<td>\u00a0(*1969) Gelernte Innendekorationsn\u00e4herin. Unterrichtet Schulsport Klettern und Kidsturnen. Liebt klettern, wandern und Skitouren ebenso wie das Biken. Engagiert sich im SAC als Tourenleiterin und ist J+S-Lagerleiterin f\u00fcr Skitouren und Bergsteigen sowie J+S-Gruppenleiterin im Sportklettern.<\/td>\n<\/tr>\n<tr>\n<td>\u00a0Fabian Kyburz<\/td>\n<td>\u00a0(*2003), gelernter Automatiker. Unser Adrenalinjunkie liebt es, mit seinem Bike \u00fcber Singletrails zu \u201efetzen\u201c und \u00fcber Schanzen zu springen, klettert, wandert und macht gerne Skitouren.<\/td>\n<\/tr>\n<tr>\n<td>\u00a0Silvan Kyburz<\/td>\n<td>(*2005), Maturand. Naturfotografie ist seine grosse Passion, er kennt sich in fast allen Bereichen der Natur aus, vor allem bei Schmetterlingen, V\u00f6geln und Pflanzen. Arbeitet bei einem \u00d6kob\u00fcro als Vorbereitung aufs Studium.<\/td>\n<\/tr>\n<\/tbody>\n<\/table>\n","protected":false},"excerpt":{"rendered":"<p>Unsere Familie ist am liebsten in der Natur unterwegs: Als Wanderer, Biker, Kletterer,&#8230;<\/p>\n","protected":false},"author":2,"featured_media":0,"parent":0,"menu_order":0,"comment_status":"closed","ping_status":"closed","template":"","meta":{"_monsterinsights_skip_tracking":false,"_monsterinsights_sitenote_active":false,"_monsterinsights_sitenote_note":"","_monsterinsights_sitenote_category":0,"jetpack_post_was_ever_published":false,"footnotes":""},"tags":[],"class_list":["post-38","page","type-page","status-publish","hentry"],"yoast_head":"<!-- This site is optimized with the Yoast SEO plugin v27.4 - https:\/\/yoast.com\/product\/yoast-seo-wordpress\/ -->\n<title>\u00dcber uns - In der Natur unterwegs<\/title>\n<meta name=\"robots\" content=\"index, follow, max-snippet:-1, max-image-preview:large, max-video-preview:-1\" \/>\n<link rel=\"canonical\" href=\"https:\/\/idnu.ch\/wordpress\/ueber-uns\/\" \/>\n<meta property=\"og:locale\" content=\"de_DE\" \/>\n<meta property=\"og:type\" content=\"article\" \/>\n<meta property=\"og:title\" content=\"\u00dcber uns - In der Natur unterwegs\" \/>\n<meta property=\"og:description\" content=\"Unsere Familie ist am liebsten in der Natur unterwegs: Als Wanderer, Biker, Kletterer,...\" \/>\n<meta property=\"og:url\" content=\"https:\/\/idnu.ch\/wordpress\/ueber-uns\/\" \/>\n<meta property=\"og:site_name\" content=\"In der Natur unterwegs\" \/>\n<meta property=\"article:modified_time\" content=\"2023-06-05T07:28:30+00:00\" \/>\n<meta property=\"og:image\" content=\"https:\/\/idnu.ch\/wordpress\/wp-content\/uploads\/2015\/11\/urs-20171021-150x150.jpg\" \/>\n<meta name=\"twitter:card\" content=\"summary_large_image\" \/>\n<meta name=\"twitter:site\" content=\"@idnu_ch\" \/>\n<meta name=\"twitter:label1\" content=\"Gesch\u00e4tzte Lesezeit\" \/>\n\t<meta name=\"twitter:data1\" content=\"2\u00a0Minuten\" \/>\n<script type=\"application\/ld+json\" class=\"yoast-schema-graph\">{\"@context\":\"https:\\\/\\\/schema.org\",\"@graph\":[{\"@type\":\"WebPage\",\"@id\":\"https:\\\/\\\/idnu.ch\\\/wordpress\\\/ueber-uns\\\/\",\"url\":\"https:\\\/\\\/idnu.ch\\\/wordpress\\\/ueber-uns\\\/\",\"name\":\"\u00dcber uns - In der Natur unterwegs\",\"isPartOf\":{\"@id\":\"https:\\\/\\\/idnu.ch\\\/wordpress\\\/#website\"},\"primaryImageOfPage\":{\"@id\":\"https:\\\/\\\/idnu.ch\\\/wordpress\\\/ueber-uns\\\/#primaryimage\"},\"image\":{\"@id\":\"https:\\\/\\\/idnu.ch\\\/wordpress\\\/ueber-uns\\\/#primaryimage\"},\"thumbnailUrl\":\"https:\\\/\\\/idnu.ch\\\/wordpress\\\/wp-content\\\/uploads\\\/2015\\\/11\\\/urs-20171021-150x150.jpg\",\"datePublished\":\"2015-11-02T08:32:06+00:00\",\"dateModified\":\"2023-06-05T07:28:30+00:00\",\"breadcrumb\":{\"@id\":\"https:\\\/\\\/idnu.ch\\\/wordpress\\\/ueber-uns\\\/#breadcrumb\"},\"inLanguage\":\"de\",\"potentialAction\":[{\"@type\":\"ReadAction\",\"target\":[\"https:\\\/\\\/idnu.ch\\\/wordpress\\\/ueber-uns\\\/\"]}]},{\"@type\":\"ImageObject\",\"inLanguage\":\"de\",\"@id\":\"https:\\\/\\\/idnu.ch\\\/wordpress\\\/ueber-uns\\\/#primaryimage\",\"url\":\"https:\\\/\\\/i0.wp.com\\\/idnu.ch\\\/wordpress\\\/wp-content\\\/uploads\\\/2015\\\/11\\\/urs-20171021.jpg?fit=512%2C512&ssl=1\",\"contentUrl\":\"https:\\\/\\\/i0.wp.com\\\/idnu.ch\\\/wordpress\\\/wp-content\\\/uploads\\\/2015\\\/11\\\/urs-20171021.jpg?fit=512%2C512&ssl=1\",\"width\":512,\"height\":512,\"caption\":\"Urs Kyburz\"},{\"@type\":\"BreadcrumbList\",\"@id\":\"https:\\\/\\\/idnu.ch\\\/wordpress\\\/ueber-uns\\\/#breadcrumb\",\"itemListElement\":[{\"@type\":\"ListItem\",\"position\":1,\"name\":\"Startseite\",\"item\":\"https:\\\/\\\/idnu.ch\\\/wordpress\\\/\"},{\"@type\":\"ListItem\",\"position\":2,\"name\":\"\u00dcber uns\"}]},{\"@type\":\"WebSite\",\"@id\":\"https:\\\/\\\/idnu.ch\\\/wordpress\\\/#website\",\"url\":\"https:\\\/\\\/idnu.ch\\\/wordpress\\\/\",\"name\":\"In der Natur unterwegs\",\"description\":\"Dort, wo es am sch\u00f6nsten ist\",\"publisher\":{\"@id\":\"https:\\\/\\\/idnu.ch\\\/wordpress\\\/#\\\/schema\\\/person\\\/1ab8c5de743be7b019272124c19ad351\"},\"potentialAction\":[{\"@type\":\"SearchAction\",\"target\":{\"@type\":\"EntryPoint\",\"urlTemplate\":\"https:\\\/\\\/idnu.ch\\\/wordpress\\\/?s={search_term_string}\"},\"query-input\":{\"@type\":\"PropertyValueSpecification\",\"valueRequired\":true,\"valueName\":\"search_term_string\"}}],\"inLanguage\":\"de\"},{\"@type\":[\"Person\",\"Organization\"],\"@id\":\"https:\\\/\\\/idnu.ch\\\/wordpress\\\/#\\\/schema\\\/person\\\/1ab8c5de743be7b019272124c19ad351\",\"name\":\"Urs Kyburz\",\"image\":{\"@type\":\"ImageObject\",\"inLanguage\":\"de\",\"@id\":\"https:\\\/\\\/i0.wp.com\\\/idnu.ch\\\/wordpress\\\/wp-content\\\/uploads\\\/2016\\\/02\\\/logo_150x165.gif?fit=3151%2C3456&ssl=1\",\"url\":\"https:\\\/\\\/i0.wp.com\\\/idnu.ch\\\/wordpress\\\/wp-content\\\/uploads\\\/2016\\\/02\\\/logo_150x165.gif?fit=3151%2C3456&ssl=1\",\"contentUrl\":\"https:\\\/\\\/i0.wp.com\\\/idnu.ch\\\/wordpress\\\/wp-content\\\/uploads\\\/2016\\\/02\\\/logo_150x165.gif?fit=3151%2C3456&ssl=1\",\"width\":3151,\"height\":3456,\"caption\":\"Urs Kyburz\"},\"logo\":{\"@id\":\"https:\\\/\\\/i0.wp.com\\\/idnu.ch\\\/wordpress\\\/wp-content\\\/uploads\\\/2016\\\/02\\\/logo_150x165.gif?fit=3151%2C3456&ssl=1\"}}]}<\/script>\n<!-- \/ Yoast SEO plugin. -->","yoast_head_json":{"title":"\u00dcber uns - In der Natur unterwegs","robots":{"index":"index","follow":"follow","max-snippet":"max-snippet:-1","max-image-preview":"max-image-preview:large","max-video-preview":"max-video-preview:-1"},"canonical":"https:\/\/idnu.ch\/wordpress\/ueber-uns\/","og_locale":"de_DE","og_type":"article","og_title":"\u00dcber uns - In der Natur unterwegs","og_description":"Unsere Familie ist am liebsten in der Natur unterwegs: Als Wanderer, Biker, Kletterer,...","og_url":"https:\/\/idnu.ch\/wordpress\/ueber-uns\/","og_site_name":"In der Natur unterwegs","article_modified_time":"2023-06-05T07:28:30+00:00","og_image":[{"url":"https:\/\/idnu.ch\/wordpress\/wp-content\/uploads\/2015\/11\/urs-20171021-150x150.jpg","type":"","width":"","height":""}],"twitter_card":"summary_large_image","twitter_site":"@idnu_ch","twitter_misc":{"Gesch\u00e4tzte Lesezeit":"2\u00a0Minuten"},"schema":{"@context":"https:\/\/schema.org","@graph":[{"@type":"WebPage","@id":"https:\/\/idnu.ch\/wordpress\/ueber-uns\/","url":"https:\/\/idnu.ch\/wordpress\/ueber-uns\/","name":"\u00dcber uns - In der Natur unterwegs","isPartOf":{"@id":"https:\/\/idnu.ch\/wordpress\/#website"},"primaryImageOfPage":{"@id":"https:\/\/idnu.ch\/wordpress\/ueber-uns\/#primaryimage"},"image":{"@id":"https:\/\/idnu.ch\/wordpress\/ueber-uns\/#primaryimage"},"thumbnailUrl":"https:\/\/idnu.ch\/wordpress\/wp-content\/uploads\/2015\/11\/urs-20171021-150x150.jpg","datePublished":"2015-11-02T08:32:06+00:00","dateModified":"2023-06-05T07:28:30+00:00","breadcrumb":{"@id":"https:\/\/idnu.ch\/wordpress\/ueber-uns\/#breadcrumb"},"inLanguage":"de","potentialAction":[{"@type":"ReadAction","target":["https:\/\/idnu.ch\/wordpress\/ueber-uns\/"]}]},{"@type":"ImageObject","inLanguage":"de","@id":"https:\/\/idnu.ch\/wordpress\/ueber-uns\/#primaryimage","url":"https:\/\/i0.wp.com\/idnu.ch\/wordpress\/wp-content\/uploads\/2015\/11\/urs-20171021.jpg?fit=512%2C512&ssl=1","contentUrl":"https:\/\/i0.wp.com\/idnu.ch\/wordpress\/wp-content\/uploads\/2015\/11\/urs-20171021.jpg?fit=512%2C512&ssl=1","width":512,"height":512,"caption":"Urs Kyburz"},{"@type":"BreadcrumbList","@id":"https:\/\/idnu.ch\/wordpress\/ueber-uns\/#breadcrumb","itemListElement":[{"@type":"ListItem","position":1,"name":"Startseite","item":"https:\/\/idnu.ch\/wordpress\/"},{"@type":"ListItem","position":2,"name":"\u00dcber uns"}]},{"@type":"WebSite","@id":"https:\/\/idnu.ch\/wordpress\/#website","url":"https:\/\/idnu.ch\/wordpress\/","name":"In der Natur unterwegs","description":"Dort, wo es am sch\u00f6nsten ist","publisher":{"@id":"https:\/\/idnu.ch\/wordpress\/#\/schema\/person\/1ab8c5de743be7b019272124c19ad351"},"potentialAction":[{"@type":"SearchAction","target":{"@type":"EntryPoint","urlTemplate":"https:\/\/idnu.ch\/wordpress\/?s={search_term_string}"},"query-input":{"@type":"PropertyValueSpecification","valueRequired":true,"valueName":"search_term_string"}}],"inLanguage":"de"},{"@type":["Person","Organization"],"@id":"https:\/\/idnu.ch\/wordpress\/#\/schema\/person\/1ab8c5de743be7b019272124c19ad351","name":"Urs Kyburz","image":{"@type":"ImageObject","inLanguage":"de","@id":"https:\/\/i0.wp.com\/idnu.ch\/wordpress\/wp-content\/uploads\/2016\/02\/logo_150x165.gif?fit=3151%2C3456&ssl=1","url":"https:\/\/i0.wp.com\/idnu.ch\/wordpress\/wp-content\/uploads\/2016\/02\/logo_150x165.gif?fit=3151%2C3456&ssl=1","contentUrl":"https:\/\/i0.wp.com\/idnu.ch\/wordpress\/wp-content\/uploads\/2016\/02\/logo_150x165.gif?fit=3151%2C3456&ssl=1","width":3151,"height":3456,"caption":"Urs Kyburz"},"logo":{"@id":"https:\/\/i0.wp.com\/idnu.ch\/wordpress\/wp-content\/uploads\/2016\/02\/logo_150x165.gif?fit=3151%2C3456&ssl=1"}}]}},"jetpack_sharing_enabled":true,"jetpack_shortlink":"https:\/\/wp.me\/P6MmGG-C","jetpack-related-posts":[{"id":18214,"url":"https:\/\/idnu.ch\/wordpress\/buecher\/das-bergtourenbuch-fuer-familien\/","url_meta":{"origin":38,"position":0},"title":"Das Bergtourenbuch f\u00fcr Familien","author":"Urs Kyburz","date":"1. Mai 2021","format":false,"excerpt":"Das Bergtourenbuch f\u00fcr Familien beschreibt 21 wunderbare Wanderungen in der Schweiz, von der kleinen Jurawanderung bis zum Dreitausender. Einleitung Berge faszinieren. Die meisten kennen sie aber nur von den Bergstationen der Bahnen her. Mit diesem F\u00fchrer haben Sie sich entschieden, etwas anderes zu wagen. Richtig hinein in die Bergwelt. Verlassen\u2026","rel":"","context":"\u00c4hnlicher Beitrag","block_context":{"text":"\u00c4hnlicher Beitrag","link":""},"img":{"alt_text":"","src":"https:\/\/i0.wp.com\/idnu.ch\/wordpress\/wp-content\/uploads\/2020\/02\/breccaschlund-4.jpg?fit=1200%2C800&ssl=1&resize=350%2C200","width":350,"height":200,"srcset":"https:\/\/i0.wp.com\/idnu.ch\/wordpress\/wp-content\/uploads\/2020\/02\/breccaschlund-4.jpg?fit=1200%2C800&ssl=1&resize=350%2C200 1x, https:\/\/i0.wp.com\/idnu.ch\/wordpress\/wp-content\/uploads\/2020\/02\/breccaschlund-4.jpg?fit=1200%2C800&ssl=1&resize=525%2C300 1.5x, https:\/\/i0.wp.com\/idnu.ch\/wordpress\/wp-content\/uploads\/2020\/02\/breccaschlund-4.jpg?fit=1200%2C800&ssl=1&resize=700%2C400 2x, https:\/\/i0.wp.com\/idnu.ch\/wordpress\/wp-content\/uploads\/2020\/02\/breccaschlund-4.jpg?fit=1200%2C800&ssl=1&resize=1050%2C600 3x"},"classes":[]},{"id":29,"url":"https:\/\/idnu.ch\/wordpress\/in-der-natur-unterwegs\/","url_meta":{"origin":38,"position":1},"title":"In der Natur unterwegs","author":"Urs Kyburz","date":"4. Oktober 2015","format":false,"excerpt":"Unterwegs sein. In der Natur. Das ist unsere Passion. Ob zu Fuss, auf dem Bike, in steilen Felsw\u00e4nden, in Eis und Schnee. Wir lieben die Natur, interessieren uns auch f\u00fcr die Zusammenh\u00e4nge. Deshalb sind wir auch sehr oft dort unterwegs. Ob wir reich sind, wenn wir so oft weg sind?\u2026","rel":"","context":"\u00c4hnlicher Beitrag","block_context":{"text":"\u00c4hnlicher Beitrag","link":""},"img":{"alt_text":"","src":"https:\/\/i0.wp.com\/idnu.ch\/wordpress\/wp-content\/uploads\/2015\/09\/01_locarnese_0106.jpg?fit=1200%2C800&ssl=1&resize=350%2C200","width":350,"height":200,"srcset":"https:\/\/i0.wp.com\/idnu.ch\/wordpress\/wp-content\/uploads\/2015\/09\/01_locarnese_0106.jpg?fit=1200%2C800&ssl=1&resize=350%2C200 1x, https:\/\/i0.wp.com\/idnu.ch\/wordpress\/wp-content\/uploads\/2015\/09\/01_locarnese_0106.jpg?fit=1200%2C800&ssl=1&resize=525%2C300 1.5x, https:\/\/i0.wp.com\/idnu.ch\/wordpress\/wp-content\/uploads\/2015\/09\/01_locarnese_0106.jpg?fit=1200%2C800&ssl=1&resize=700%2C400 2x, https:\/\/i0.wp.com\/idnu.ch\/wordpress\/wp-content\/uploads\/2015\/09\/01_locarnese_0106.jpg?fit=1200%2C800&ssl=1&resize=1050%2C600 3x"},"classes":[]},{"id":55,"url":"https:\/\/idnu.ch\/wordpress\/buecher\/","url_meta":{"origin":38,"position":2},"title":"B\u00fccher","author":"Urs Kyburz","date":"23. September 2015","format":false,"excerpt":"U. Kyburz Das Velobuch f\u00fcr Familien 14 Touren und informative Kapitel zu den Themen Velofahren mit Kindern vom Anh\u00e4nger zum eigenen Velo, Tourenplanung und einfachen Reparaturen. Touren: Einmal quer durch den Jura \u2013 Transjurane Eine Wochentour entlang dem Rhein \u201eDr sch\u00f6ne gr\u00fcene Aare na\u201c Im Vorgarten der Alpen: Menziken \u2013\u2026","rel":"","context":"\u00c4hnlicher Beitrag","block_context":{"text":"\u00c4hnlicher Beitrag","link":""},"img":{"alt_text":"Das Velobuch f\u00fcr Familien","src":"https:\/\/i0.wp.com\/idnu.ch\/wordpress\/wp-content\/uploads\/2017\/04\/205_600x600_DasVelobuchfrFamilien10_velobuch_2017_cover-215x300.jpg?resize=350%2C200&ssl=1","width":350,"height":200},"classes":[]},{"id":58,"url":"https:\/\/idnu.ch\/wordpress\/wandermagazin\/","url_meta":{"origin":38,"position":3},"title":"Wandermagazin","author":"Urs Kyburz","date":"23. September 2015","format":false,"excerpt":"Meine Familientipps im Wandermagazin SCHWEIZ: Mehrtageswanderung durch das Hinterland von Locarno Heft 7\/2016 Printausgabe bestellen Digitale Ausgabe bestellen Ausf\u00fchrlicher Bericht unter\u00a0Vier T\u00e4ler, drei P\u00e4sse im Locarnese Langlaufen im L\u00f6tschental: F\u00fcr Kinder geeignet? Heft 01_02\/2016 Bestellen Ausf\u00fchrlicher Bericht unter\u00a0Sport und Erholung im L\u00f6tschental Der Wald im Winter: Was man so alles\u2026","rel":"","context":"\u00c4hnlicher Beitrag","block_context":{"text":"\u00c4hnlicher Beitrag","link":""},"img":{"alt_text":"Durchs wilde Locarnese","src":"https:\/\/i0.wp.com\/idnu.ch\/wordpress\/wp-content\/uploads\/2016\/06\/4taeler3paesse-207x300.jpg?resize=350%2C200&ssl=1","width":350,"height":200},"classes":[]},{"id":2,"url":"https:\/\/idnu.ch\/wordpress\/sample-page\/","url_meta":{"origin":38,"position":4},"title":"Sample Page","author":"Urs Kyburz","date":"19. August 2015","format":false,"excerpt":"This is an example page. It's different from a blog post because it will stay in one place and will show up in your site navigation (in most themes). Most people start with an About page that introduces them to potential site visitors. It might say something like this: Hi\u2026","rel":"","context":"\u00c4hnlicher Beitrag","block_context":{"text":"\u00c4hnlicher Beitrag","link":""},"img":{"alt_text":"","src":"","width":0,"height":0},"classes":[]},{"id":11485,"url":"https:\/\/idnu.ch\/wordpress\/ueber-uns\/datenschutzerklaerung\/","url_meta":{"origin":38,"position":5},"title":"Datenschutzerkl\u00e4rung","author":"Urs Kyburz","date":"6. Januar 2019","format":false,"excerpt":"Wer sind wir? Die Adresse unserer Website lautet: https:\/\/in-der-natur-unterwegs.ch\/ Diese Webseite und deren Inhalt wird durch eine private Person ohne kommerzielle Interessen zur Verf\u00fcgung gestellt. Verantwortliche Stelle im Sinne der Datenschutzgesetze, insbesondere der EU-Datenschutzgrundverordnung (DSGVO), lautet: Urs Kyburz Schorenstrasse 31 5734 Reinach AG E-Mail: urs.kyburz@idnu.ch Webseite: https:\/\/in-der-natur-unterwegs.ch Allgemeiner Hinweis Gest\u00fctzt\u2026","rel":"","context":"In \"Datenschutzerkl\u00e4rung\"","block_context":{"text":"Datenschutzerkl\u00e4rung","link":"https:\/\/idnu.ch\/wordpress\/tag\/datenschutzerklaerung\/"},"img":{"alt_text":"","src":"","width":0,"height":0},"classes":[]}],"jetpack_likes_enabled":true,"_links":{"self":[{"href":"https:\/\/idnu.ch\/wordpress\/wp-json\/wp\/v2\/pages\/38","targetHints":{"allow":["GET"]}}],"collection":[{"href":"https:\/\/idnu.ch\/wordpress\/wp-json\/wp\/v2\/pages"}],"about":[{"href":"https:\/\/idnu.ch\/wordpress\/wp-json\/wp\/v2\/types\/page"}],"author":[{"embeddable":true,"href":"https:\/\/idnu.ch\/wordpress\/wp-json\/wp\/v2\/users\/2"}],"replies":[{"embeddable":true,"href":"https:\/\/idnu.ch\/wordpress\/wp-json\/wp\/v2\/comments?post=38"}],"version-history":[{"count":15,"href":"https:\/\/idnu.ch\/wordpress\/wp-json\/wp\/v2\/pages\/38\/revisions"}],"predecessor-version":[{"id":23313,"href":"https:\/\/idnu.ch\/wordpress\/wp-json\/wp\/v2\/pages\/38\/revisions\/23313"}],"wp:attachment":[{"href":"https:\/\/idnu.ch\/wordpress\/wp-json\/wp\/v2\/media?parent=38"}],"wp:term":[{"taxonomy":"post_tag","embeddable":true,"href":"https:\/\/idnu.ch\/wordpress\/wp-json\/wp\/v2\/tags?post=38"}],"curies":[{"name":"wp","href":"https:\/\/api.w.org\/{rel}","templated":true}]}}