{"id":55,"date":"2015-09-23T14:35:14","date_gmt":"2015-09-23T14:35:14","guid":{"rendered":"http:\/\/idnu.ch\/wordpress\/?page_id=55"},"modified":"2023-05-27T15:09:30","modified_gmt":"2023-05-27T13:09:30","slug":"buecher","status":"publish","type":"page","link":"https:\/\/idnu.ch\/wordpress\/buecher\/","title":{"rendered":"B\u00fccher"},"content":{"rendered":"<table style=\"height: 741px;\" width=\"859\">\n<tbody>\n<tr>\n<td>\n<p><figure id=\"attachment_7481\" aria-describedby=\"caption-attachment-7481\" style=\"width: 215px\" class=\"wp-caption aligncenter\"><img data-recalc-dims=\"1\" loading=\"lazy\" decoding=\"async\" data-attachment-id=\"7481\" data-permalink=\"https:\/\/idnu.ch\/wordpress\/das-neue-velobuch-fuer-familien\/205_600x600_dasvelobuchfrfamilien10_velobuch_2017_cover\/#main\" data-orig-file=\"https:\/\/i0.wp.com\/idnu.ch\/wordpress\/wp-content\/uploads\/2017\/04\/205_600x600_DasVelobuchfrFamilien10_velobuch_2017_cover.jpg?fit=429%2C600&amp;ssl=1\" data-orig-size=\"429,600\" data-comments-opened=\"1\" data-image-meta=\"{&quot;aperture&quot;:&quot;0&quot;,&quot;credit&quot;:&quot;&quot;,&quot;camera&quot;:&quot;&quot;,&quot;caption&quot;:&quot;&quot;,&quot;created_timestamp&quot;:&quot;0&quot;,&quot;copyright&quot;:&quot;&quot;,&quot;focal_length&quot;:&quot;0&quot;,&quot;iso&quot;:&quot;0&quot;,&quot;shutter_speed&quot;:&quot;0&quot;,&quot;title&quot;:&quot;&quot;,&quot;orientation&quot;:&quot;0&quot;}\" data-image-title=\"Das Velobuch f\u00fcr Familien\" data-image-description=\"\" data-image-caption=\"&lt;p&gt;Das Velobuch f\u00fcr Familien&lt;\/p&gt;\n\" data-large-file=\"https:\/\/i0.wp.com\/idnu.ch\/wordpress\/wp-content\/uploads\/2017\/04\/205_600x600_DasVelobuchfrFamilien10_velobuch_2017_cover.jpg?fit=429%2C600&amp;ssl=1\" class=\"wp-image-7481 size-medium\" src=\"https:\/\/i0.wp.com\/idnu.ch\/wordpress\/wp-content\/uploads\/2017\/04\/205_600x600_DasVelobuchfrFamilien10_velobuch_2017_cover.jpg?resize=215%2C300&#038;ssl=1\" alt=\"Das Velobuch f\u00fcr Familien\" width=\"215\" height=\"300\" srcset=\"https:\/\/i0.wp.com\/idnu.ch\/wordpress\/wp-content\/uploads\/2017\/04\/205_600x600_DasVelobuchfrFamilien10_velobuch_2017_cover.jpg?resize=215%2C300&amp;ssl=1 215w, https:\/\/i0.wp.com\/idnu.ch\/wordpress\/wp-content\/uploads\/2017\/04\/205_600x600_DasVelobuchfrFamilien10_velobuch_2017_cover.jpg?resize=72%2C100&amp;ssl=1 72w, https:\/\/i0.wp.com\/idnu.ch\/wordpress\/wp-content\/uploads\/2017\/04\/205_600x600_DasVelobuchfrFamilien10_velobuch_2017_cover.jpg?w=429&amp;ssl=1 429w\" sizes=\"auto, (max-width: 215px) 100vw, 215px\" \/><figcaption id=\"caption-attachment-7481\" class=\"wp-caption-text\">Das Velobuch f\u00fcr Familien<\/figcaption><\/figure><\/td>\n<td>U. Kyburz<\/p>\n<h2>Das Velobuch f\u00fcr Familien<\/h2>\n<p>14 Touren und informative Kapitel zu den Themen Velofahren mit Kindern vom Anh\u00e4nger zum eigenen Velo, Tourenplanung und einfachen Reparaturen.<\/p>\n<p>Touren:<\/p>\n<ul>\n<li>Einmal quer durch den Jura \u2013 Transjurane<\/li>\n<li>Eine Wochentour entlang dem Rhein<\/li>\n<li>\u201eDr sch\u00f6ne gr\u00fcene Aare na\u201c<\/li>\n<li>Im Vorgarten der Alpen: Menziken \u2013 Sempach \u2013 Sch\u00f6ftland<\/li>\n<li>Hallwilersee-Rundtour<\/li>\n<li>Innerschweiz \u2013 die \u201eGoldi-Route\u201c<\/li>\n<li>Zugerberg-Rundtour<\/li>\n<li>Lenzburger Runde<\/li>\n<li>Zurzacher Energie-Rundtour<\/li>\n<li>Der T\u00f6ss entlang<\/li>\n<li>Im sch\u00f6nen Pr\u00e4ttigau<\/li>\n<li>Durch das M\u00fcnstertal<\/li>\n<li>Die Engadin pur Tour<\/li>\n<\/ul>\n<p>Bestellung \u00fcber das <a href=\"https:\/\/idnu.ch\/wordpress\/ueber-uns\/kontakt\/\">Kontaktformular<\/a>.<\/td>\n<\/tr>\n<tr>\n<td>\n<p><figure id=\"attachment_857\" aria-describedby=\"caption-attachment-857\" style=\"width: 222px\" class=\"wp-caption alignnone\"><a href=\"https:\/\/i0.wp.com\/idnu.ch\/wordpress\/wp-content\/uploads\/2013\/05\/129_600x600_BergtourenfrFamilien10_coop_bergtouren_cover_1.jpg?ssl=1\"><img data-recalc-dims=\"1\" loading=\"lazy\" decoding=\"async\" data-attachment-id=\"857\" data-permalink=\"https:\/\/idnu.ch\/wordpress\/?attachment_id=857#main\" data-orig-file=\"https:\/\/i0.wp.com\/idnu.ch\/wordpress\/wp-content\/uploads\/2013\/05\/129_600x600_BergtourenfrFamilien10_coop_bergtouren_cover_1.jpg?fit=443%2C600&amp;ssl=1\" data-orig-size=\"443,600\" data-comments-opened=\"1\" data-image-meta=\"{&quot;aperture&quot;:&quot;0&quot;,&quot;credit&quot;:&quot;&quot;,&quot;camera&quot;:&quot;&quot;,&quot;caption&quot;:&quot;&quot;,&quot;created_timestamp&quot;:&quot;0&quot;,&quot;copyright&quot;:&quot;&quot;,&quot;focal_length&quot;:&quot;0&quot;,&quot;iso&quot;:&quot;0&quot;,&quot;shutter_speed&quot;:&quot;0&quot;,&quot;title&quot;:&quot;&quot;,&quot;orientation&quot;:&quot;0&quot;}\" data-image-title=\"21 Bergtouren f\u00fcr Familien\" data-image-description=\"&lt;p&gt;21 Bergtouren f\u00fcr Familien&lt;\/p&gt;\n\" data-image-caption=\"&lt;p&gt;21 Bergtouren f\u00fcr Familien&lt;\/p&gt;\n\" data-large-file=\"https:\/\/i0.wp.com\/idnu.ch\/wordpress\/wp-content\/uploads\/2013\/05\/129_600x600_BergtourenfrFamilien10_coop_bergtouren_cover_1.jpg?fit=443%2C600&amp;ssl=1\" class=\"wp-image-857 size-medium\" src=\"https:\/\/i0.wp.com\/idnu.ch\/wordpress\/wp-content\/uploads\/2013\/05\/129_600x600_BergtourenfrFamilien10_coop_bergtouren_cover_1.jpg?resize=222%2C300&#038;ssl=1\" alt=\"21 Bergtouren f\u00fcr Familien\" width=\"222\" height=\"300\" srcset=\"https:\/\/i0.wp.com\/idnu.ch\/wordpress\/wp-content\/uploads\/2013\/05\/129_600x600_BergtourenfrFamilien10_coop_bergtouren_cover_1.jpg?resize=222%2C300&amp;ssl=1 222w, https:\/\/i0.wp.com\/idnu.ch\/wordpress\/wp-content\/uploads\/2013\/05\/129_600x600_BergtourenfrFamilien10_coop_bergtouren_cover_1.jpg?resize=74%2C100&amp;ssl=1 74w, https:\/\/i0.wp.com\/idnu.ch\/wordpress\/wp-content\/uploads\/2013\/05\/129_600x600_BergtourenfrFamilien10_coop_bergtouren_cover_1.jpg?w=443&amp;ssl=1 443w\" sizes=\"auto, (max-width: 222px) 100vw, 222px\" \/><\/a><figcaption id=\"caption-attachment-857\" class=\"wp-caption-text\">21 Bergtouren f\u00fcr Familien<\/figcaption><\/figure><\/td>\n<td>\u00a0U. Kyburz<\/p>\n<h2>Bergtouren f\u00fcr Familien<\/h2>\n<p>21 sch\u00f6ne Bergtouren von einfach bis anspruchsvoll. Mit einem grossen Motivations- und Tourenplanungsteil.<\/p>\n<p>Touren:<\/p>\n<ul>\n<li>Villiger Geissberg<\/li>\n<li>Wirzweli<\/li>\n<li>Illhorn<\/li>\n<li>Wasserflue<\/li>\n<li>Buochserhorn<\/li>\n<li>Capanna Leit<\/li>\n<li>Urlandschaft Brecca, Schwarzsee<\/li>\n<li>La Berra<\/li>\n<li>Le Soliat<\/li>\n<li>M\u00e4ssersee<\/li>\n<li>Sidelhorn<\/li>\n<li>Augstenberg<\/li>\n<li>Sunniggr\u00e4tli<\/li>\n<li>Augstenberg<\/li>\n<li>Speer<\/li>\n<li>Val Trupchun<\/li>\n<li>Rossbodenstock und Pazolastock<\/li>\n<li>Fl\u00fcela Schwarzhorn<\/li>\n<li>G\u00e4llihorn und Wyssi Flue<\/li>\n<li>Klein Furkahorn<\/li>\n<li>Turtmannh\u00fctte<\/li>\n<li>\u00dcsseres Barrhorn<\/li>\n<\/ul>\n<p>Das Buch ist vergriffen, die Touren sind aber (bald) alle auf dieser Seite verf\u00fcgbar: <strong><a href=\"https:\/\/idnu.ch\/wordpress\/buecher\/das-bergtourenbuch-fuer-familien\/\">Das Bergtourenbuch f\u00fcr Familien<\/a><\/strong><\/td>\n<\/tr>\n<\/tbody>\n<\/table>\n","protected":false},"excerpt":{"rendered":"<p>U. Kyburz Das Velobuch f\u00fcr Familien 14 Touren und informative Kapitel zu den&#8230;<\/p>\n","protected":false},"author":2,"featured_media":0,"parent":0,"menu_order":0,"comment_status":"closed","ping_status":"closed","template":"","meta":{"_monsterinsights_skip_tracking":false,"_monsterinsights_sitenote_active":false,"_monsterinsights_sitenote_note":"","_monsterinsights_sitenote_category":0,"jetpack_post_was_ever_published":false,"footnotes":""},"tags":[],"class_list":["post-55","page","type-page","status-publish","hentry"],"yoast_head":"<!-- This site is optimized with the Yoast SEO plugin v27.4 - https:\/\/yoast.com\/product\/yoast-seo-wordpress\/ -->\n<title>B\u00fccher - In der Natur unterwegs<\/title>\n<meta name=\"robots\" content=\"index, follow, max-snippet:-1, max-image-preview:large, max-video-preview:-1\" \/>\n<link rel=\"canonical\" href=\"https:\/\/idnu.ch\/wordpress\/buecher\/\" \/>\n<meta property=\"og:locale\" content=\"de_DE\" \/>\n<meta property=\"og:type\" content=\"article\" \/>\n<meta property=\"og:title\" content=\"B\u00fccher - In der Natur unterwegs\" \/>\n<meta property=\"og:description\" content=\"U. Kyburz Das Velobuch f\u00fcr Familien 14 Touren und informative Kapitel zu den...\" \/>\n<meta property=\"og:url\" content=\"https:\/\/idnu.ch\/wordpress\/buecher\/\" \/>\n<meta property=\"og:site_name\" content=\"In der Natur unterwegs\" \/>\n<meta property=\"article:modified_time\" content=\"2023-05-27T13:09:30+00:00\" \/>\n<meta property=\"og:image\" content=\"https:\/\/idnu.ch\/wordpress\/wp-content\/uploads\/2017\/04\/205_600x600_DasVelobuchfrFamilien10_velobuch_2017_cover-215x300.jpg\" \/>\n<meta name=\"twitter:card\" content=\"summary_large_image\" \/>\n<meta name=\"twitter:site\" content=\"@idnu_ch\" \/>\n<meta name=\"twitter:label1\" content=\"Gesch\u00e4tzte Lesezeit\" \/>\n\t<meta name=\"twitter:data1\" content=\"2\u00a0Minuten\" \/>\n<script type=\"application\/ld+json\" class=\"yoast-schema-graph\">{\"@context\":\"https:\\\/\\\/schema.org\",\"@graph\":[{\"@type\":\"WebPage\",\"@id\":\"https:\\\/\\\/idnu.ch\\\/wordpress\\\/buecher\\\/\",\"url\":\"https:\\\/\\\/idnu.ch\\\/wordpress\\\/buecher\\\/\",\"name\":\"B\u00fccher - In der Natur unterwegs\",\"isPartOf\":{\"@id\":\"https:\\\/\\\/idnu.ch\\\/wordpress\\\/#website\"},\"primaryImageOfPage\":{\"@id\":\"https:\\\/\\\/idnu.ch\\\/wordpress\\\/buecher\\\/#primaryimage\"},\"image\":{\"@id\":\"https:\\\/\\\/idnu.ch\\\/wordpress\\\/buecher\\\/#primaryimage\"},\"thumbnailUrl\":\"https:\\\/\\\/idnu.ch\\\/wordpress\\\/wp-content\\\/uploads\\\/2017\\\/04\\\/205_600x600_DasVelobuchfrFamilien10_velobuch_2017_cover-215x300.jpg\",\"datePublished\":\"2015-09-23T14:35:14+00:00\",\"dateModified\":\"2023-05-27T13:09:30+00:00\",\"breadcrumb\":{\"@id\":\"https:\\\/\\\/idnu.ch\\\/wordpress\\\/buecher\\\/#breadcrumb\"},\"inLanguage\":\"de\",\"potentialAction\":[{\"@type\":\"ReadAction\",\"target\":[\"https:\\\/\\\/idnu.ch\\\/wordpress\\\/buecher\\\/\"]}]},{\"@type\":\"ImageObject\",\"inLanguage\":\"de\",\"@id\":\"https:\\\/\\\/idnu.ch\\\/wordpress\\\/buecher\\\/#primaryimage\",\"url\":\"https:\\\/\\\/i0.wp.com\\\/idnu.ch\\\/wordpress\\\/wp-content\\\/uploads\\\/2017\\\/04\\\/205_600x600_DasVelobuchfrFamilien10_velobuch_2017_cover.jpg?fit=429%2C600&ssl=1\",\"contentUrl\":\"https:\\\/\\\/i0.wp.com\\\/idnu.ch\\\/wordpress\\\/wp-content\\\/uploads\\\/2017\\\/04\\\/205_600x600_DasVelobuchfrFamilien10_velobuch_2017_cover.jpg?fit=429%2C600&ssl=1\",\"width\":429,\"height\":600,\"caption\":\"Das Velobuch f\u00fcr Familien\"},{\"@type\":\"BreadcrumbList\",\"@id\":\"https:\\\/\\\/idnu.ch\\\/wordpress\\\/buecher\\\/#breadcrumb\",\"itemListElement\":[{\"@type\":\"ListItem\",\"position\":1,\"name\":\"Startseite\",\"item\":\"https:\\\/\\\/idnu.ch\\\/wordpress\\\/\"},{\"@type\":\"ListItem\",\"position\":2,\"name\":\"B\u00fccher\"}]},{\"@type\":\"WebSite\",\"@id\":\"https:\\\/\\\/idnu.ch\\\/wordpress\\\/#website\",\"url\":\"https:\\\/\\\/idnu.ch\\\/wordpress\\\/\",\"name\":\"In der Natur unterwegs\",\"description\":\"Dort, wo es am sch\u00f6nsten ist\",\"publisher\":{\"@id\":\"https:\\\/\\\/idnu.ch\\\/wordpress\\\/#\\\/schema\\\/person\\\/1ab8c5de743be7b019272124c19ad351\"},\"potentialAction\":[{\"@type\":\"SearchAction\",\"target\":{\"@type\":\"EntryPoint\",\"urlTemplate\":\"https:\\\/\\\/idnu.ch\\\/wordpress\\\/?s={search_term_string}\"},\"query-input\":{\"@type\":\"PropertyValueSpecification\",\"valueRequired\":true,\"valueName\":\"search_term_string\"}}],\"inLanguage\":\"de\"},{\"@type\":[\"Person\",\"Organization\"],\"@id\":\"https:\\\/\\\/idnu.ch\\\/wordpress\\\/#\\\/schema\\\/person\\\/1ab8c5de743be7b019272124c19ad351\",\"name\":\"Urs Kyburz\",\"image\":{\"@type\":\"ImageObject\",\"inLanguage\":\"de\",\"@id\":\"https:\\\/\\\/i0.wp.com\\\/idnu.ch\\\/wordpress\\\/wp-content\\\/uploads\\\/2016\\\/02\\\/logo_150x165.gif?fit=3151%2C3456&ssl=1\",\"url\":\"https:\\\/\\\/i0.wp.com\\\/idnu.ch\\\/wordpress\\\/wp-content\\\/uploads\\\/2016\\\/02\\\/logo_150x165.gif?fit=3151%2C3456&ssl=1\",\"contentUrl\":\"https:\\\/\\\/i0.wp.com\\\/idnu.ch\\\/wordpress\\\/wp-content\\\/uploads\\\/2016\\\/02\\\/logo_150x165.gif?fit=3151%2C3456&ssl=1\",\"width\":3151,\"height\":3456,\"caption\":\"Urs Kyburz\"},\"logo\":{\"@id\":\"https:\\\/\\\/i0.wp.com\\\/idnu.ch\\\/wordpress\\\/wp-content\\\/uploads\\\/2016\\\/02\\\/logo_150x165.gif?fit=3151%2C3456&ssl=1\"}}]}<\/script>\n<!-- \/ Yoast SEO plugin. -->","yoast_head_json":{"title":"B\u00fccher - In der Natur unterwegs","robots":{"index":"index","follow":"follow","max-snippet":"max-snippet:-1","max-image-preview":"max-image-preview:large","max-video-preview":"max-video-preview:-1"},"canonical":"https:\/\/idnu.ch\/wordpress\/buecher\/","og_locale":"de_DE","og_type":"article","og_title":"B\u00fccher - In der Natur unterwegs","og_description":"U. Kyburz Das Velobuch f\u00fcr Familien 14 Touren und informative Kapitel zu den...","og_url":"https:\/\/idnu.ch\/wordpress\/buecher\/","og_site_name":"In der Natur unterwegs","article_modified_time":"2023-05-27T13:09:30+00:00","og_image":[{"url":"https:\/\/idnu.ch\/wordpress\/wp-content\/uploads\/2017\/04\/205_600x600_DasVelobuchfrFamilien10_velobuch_2017_cover-215x300.jpg","type":"","width":"","height":""}],"twitter_card":"summary_large_image","twitter_site":"@idnu_ch","twitter_misc":{"Gesch\u00e4tzte Lesezeit":"2\u00a0Minuten"},"schema":{"@context":"https:\/\/schema.org","@graph":[{"@type":"WebPage","@id":"https:\/\/idnu.ch\/wordpress\/buecher\/","url":"https:\/\/idnu.ch\/wordpress\/buecher\/","name":"B\u00fccher - In der Natur unterwegs","isPartOf":{"@id":"https:\/\/idnu.ch\/wordpress\/#website"},"primaryImageOfPage":{"@id":"https:\/\/idnu.ch\/wordpress\/buecher\/#primaryimage"},"image":{"@id":"https:\/\/idnu.ch\/wordpress\/buecher\/#primaryimage"},"thumbnailUrl":"https:\/\/idnu.ch\/wordpress\/wp-content\/uploads\/2017\/04\/205_600x600_DasVelobuchfrFamilien10_velobuch_2017_cover-215x300.jpg","datePublished":"2015-09-23T14:35:14+00:00","dateModified":"2023-05-27T13:09:30+00:00","breadcrumb":{"@id":"https:\/\/idnu.ch\/wordpress\/buecher\/#breadcrumb"},"inLanguage":"de","potentialAction":[{"@type":"ReadAction","target":["https:\/\/idnu.ch\/wordpress\/buecher\/"]}]},{"@type":"ImageObject","inLanguage":"de","@id":"https:\/\/idnu.ch\/wordpress\/buecher\/#primaryimage","url":"https:\/\/i0.wp.com\/idnu.ch\/wordpress\/wp-content\/uploads\/2017\/04\/205_600x600_DasVelobuchfrFamilien10_velobuch_2017_cover.jpg?fit=429%2C600&ssl=1","contentUrl":"https:\/\/i0.wp.com\/idnu.ch\/wordpress\/wp-content\/uploads\/2017\/04\/205_600x600_DasVelobuchfrFamilien10_velobuch_2017_cover.jpg?fit=429%2C600&ssl=1","width":429,"height":600,"caption":"Das Velobuch f\u00fcr Familien"},{"@type":"BreadcrumbList","@id":"https:\/\/idnu.ch\/wordpress\/buecher\/#breadcrumb","itemListElement":[{"@type":"ListItem","position":1,"name":"Startseite","item":"https:\/\/idnu.ch\/wordpress\/"},{"@type":"ListItem","position":2,"name":"B\u00fccher"}]},{"@type":"WebSite","@id":"https:\/\/idnu.ch\/wordpress\/#website","url":"https:\/\/idnu.ch\/wordpress\/","name":"In der Natur unterwegs","description":"Dort, wo es am sch\u00f6nsten ist","publisher":{"@id":"https:\/\/idnu.ch\/wordpress\/#\/schema\/person\/1ab8c5de743be7b019272124c19ad351"},"potentialAction":[{"@type":"SearchAction","target":{"@type":"EntryPoint","urlTemplate":"https:\/\/idnu.ch\/wordpress\/?s={search_term_string}"},"query-input":{"@type":"PropertyValueSpecification","valueRequired":true,"valueName":"search_term_string"}}],"inLanguage":"de"},{"@type":["Person","Organization"],"@id":"https:\/\/idnu.ch\/wordpress\/#\/schema\/person\/1ab8c5de743be7b019272124c19ad351","name":"Urs Kyburz","image":{"@type":"ImageObject","inLanguage":"de","@id":"https:\/\/i0.wp.com\/idnu.ch\/wordpress\/wp-content\/uploads\/2016\/02\/logo_150x165.gif?fit=3151%2C3456&ssl=1","url":"https:\/\/i0.wp.com\/idnu.ch\/wordpress\/wp-content\/uploads\/2016\/02\/logo_150x165.gif?fit=3151%2C3456&ssl=1","contentUrl":"https:\/\/i0.wp.com\/idnu.ch\/wordpress\/wp-content\/uploads\/2016\/02\/logo_150x165.gif?fit=3151%2C3456&ssl=1","width":3151,"height":3456,"caption":"Urs Kyburz"},"logo":{"@id":"https:\/\/i0.wp.com\/idnu.ch\/wordpress\/wp-content\/uploads\/2016\/02\/logo_150x165.gif?fit=3151%2C3456&ssl=1"}}]}},"jetpack_sharing_enabled":true,"jetpack_shortlink":"https:\/\/wp.me\/P6MmGG-T","jetpack-related-posts":[{"id":18214,"url":"https:\/\/idnu.ch\/wordpress\/buecher\/das-bergtourenbuch-fuer-familien\/","url_meta":{"origin":55,"position":0},"title":"Das Bergtourenbuch f\u00fcr Familien","author":"Urs Kyburz","date":"1. Mai 2021","format":false,"excerpt":"Das Bergtourenbuch f\u00fcr Familien beschreibt 21 wunderbare Wanderungen in der Schweiz, von der kleinen Jurawanderung bis zum Dreitausender. Einleitung Berge faszinieren. Die meisten kennen sie aber nur von den Bergstationen der Bahnen her. Mit diesem F\u00fchrer haben Sie sich entschieden, etwas anderes zu wagen. Richtig hinein in die Bergwelt. Verlassen\u2026","rel":"","context":"\u00c4hnlicher Beitrag","block_context":{"text":"\u00c4hnlicher Beitrag","link":""},"img":{"alt_text":"","src":"https:\/\/i0.wp.com\/idnu.ch\/wordpress\/wp-content\/uploads\/2020\/02\/breccaschlund-4.jpg?fit=1200%2C800&ssl=1&resize=350%2C200","width":350,"height":200,"srcset":"https:\/\/i0.wp.com\/idnu.ch\/wordpress\/wp-content\/uploads\/2020\/02\/breccaschlund-4.jpg?fit=1200%2C800&ssl=1&resize=350%2C200 1x, https:\/\/i0.wp.com\/idnu.ch\/wordpress\/wp-content\/uploads\/2020\/02\/breccaschlund-4.jpg?fit=1200%2C800&ssl=1&resize=525%2C300 1.5x, https:\/\/i0.wp.com\/idnu.ch\/wordpress\/wp-content\/uploads\/2020\/02\/breccaschlund-4.jpg?fit=1200%2C800&ssl=1&resize=700%2C400 2x, https:\/\/i0.wp.com\/idnu.ch\/wordpress\/wp-content\/uploads\/2020\/02\/breccaschlund-4.jpg?fit=1200%2C800&ssl=1&resize=1050%2C600 3x"},"classes":[]},{"id":38,"url":"https:\/\/idnu.ch\/wordpress\/ueber-uns\/","url_meta":{"origin":55,"position":1},"title":"\u00dcber uns","author":"Urs Kyburz","date":"2. November 2015","format":false,"excerpt":"Unsere Familie ist am liebsten in der Natur unterwegs: Als Wanderer, Biker, Kletterer, Skitourengeher, Bergsteiger, Naturbeobachter. Wir bereisen auf diese Art die ganze Schweiz und lieben es, immer wieder neue Gegenden zu entdecken. All diese Touren schweissen uns zusammen, wir sind ein Outdoor-Team. \u00a0(*1971) Seit den 90er Jahren bin ich\u2026","rel":"","context":"\u00c4hnlicher Beitrag","block_context":{"text":"\u00c4hnlicher Beitrag","link":""},"img":{"alt_text":"Urs Kyburz","src":"https:\/\/i0.wp.com\/idnu.ch\/wordpress\/wp-content\/uploads\/2015\/11\/urs-20171021-150x150.jpg?resize=350%2C200&ssl=1","width":350,"height":200},"classes":[]},{"id":58,"url":"https:\/\/idnu.ch\/wordpress\/wandermagazin\/","url_meta":{"origin":55,"position":2},"title":"Wandermagazin","author":"Urs Kyburz","date":"23. September 2015","format":false,"excerpt":"Meine Familientipps im Wandermagazin SCHWEIZ: Mehrtageswanderung durch das Hinterland von Locarno Heft 7\/2016 Printausgabe bestellen Digitale Ausgabe bestellen Ausf\u00fchrlicher Bericht unter\u00a0Vier T\u00e4ler, drei P\u00e4sse im Locarnese Langlaufen im L\u00f6tschental: F\u00fcr Kinder geeignet? Heft 01_02\/2016 Bestellen Ausf\u00fchrlicher Bericht unter\u00a0Sport und Erholung im L\u00f6tschental Der Wald im Winter: Was man so alles\u2026","rel":"","context":"\u00c4hnlicher Beitrag","block_context":{"text":"\u00c4hnlicher Beitrag","link":""},"img":{"alt_text":"Durchs wilde Locarnese","src":"https:\/\/i0.wp.com\/idnu.ch\/wordpress\/wp-content\/uploads\/2016\/06\/4taeler3paesse-207x300.jpg?resize=350%2C200&ssl=1","width":350,"height":200},"classes":[]},{"id":61,"url":"https:\/\/idnu.ch\/wordpress\/coop-zeitung\/","url_meta":{"origin":55,"position":3},"title":"Coop-Zeitung","author":"Urs Kyburz","date":"23. September 2015","format":false,"excerpt":"Ein herbstliche Biketour in Willisau: https:\/\/idnu.ch\/wordpress\/herbstliche-biketour-bei-willisau\/","rel":"","context":"\u00c4hnlicher Beitrag","block_context":{"text":"\u00c4hnlicher Beitrag","link":""},"img":{"alt_text":"","src":"","width":0,"height":0},"classes":[]},{"id":29,"url":"https:\/\/idnu.ch\/wordpress\/in-der-natur-unterwegs\/","url_meta":{"origin":55,"position":4},"title":"In der Natur unterwegs","author":"Urs Kyburz","date":"4. Oktober 2015","format":false,"excerpt":"Unterwegs sein. In der Natur. Das ist unsere Passion. Ob zu Fuss, auf dem Bike, in steilen Felsw\u00e4nden, in Eis und Schnee. Wir lieben die Natur, interessieren uns auch f\u00fcr die Zusammenh\u00e4nge. Deshalb sind wir auch sehr oft dort unterwegs. Ob wir reich sind, wenn wir so oft weg sind?\u2026","rel":"","context":"\u00c4hnlicher Beitrag","block_context":{"text":"\u00c4hnlicher Beitrag","link":""},"img":{"alt_text":"","src":"https:\/\/i0.wp.com\/idnu.ch\/wordpress\/wp-content\/uploads\/2015\/09\/01_locarnese_0106.jpg?fit=1200%2C800&ssl=1&resize=350%2C200","width":350,"height":200,"srcset":"https:\/\/i0.wp.com\/idnu.ch\/wordpress\/wp-content\/uploads\/2015\/09\/01_locarnese_0106.jpg?fit=1200%2C800&ssl=1&resize=350%2C200 1x, https:\/\/i0.wp.com\/idnu.ch\/wordpress\/wp-content\/uploads\/2015\/09\/01_locarnese_0106.jpg?fit=1200%2C800&ssl=1&resize=525%2C300 1.5x, https:\/\/i0.wp.com\/idnu.ch\/wordpress\/wp-content\/uploads\/2015\/09\/01_locarnese_0106.jpg?fit=1200%2C800&ssl=1&resize=700%2C400 2x, https:\/\/i0.wp.com\/idnu.ch\/wordpress\/wp-content\/uploads\/2015\/09\/01_locarnese_0106.jpg?fit=1200%2C800&ssl=1&resize=1050%2C600 3x"},"classes":[]},{"id":11485,"url":"https:\/\/idnu.ch\/wordpress\/ueber-uns\/datenschutzerklaerung\/","url_meta":{"origin":55,"position":5},"title":"Datenschutzerkl\u00e4rung","author":"Urs Kyburz","date":"6. Januar 2019","format":false,"excerpt":"Wer sind wir? Die Adresse unserer Website lautet: https:\/\/in-der-natur-unterwegs.ch\/ Diese Webseite und deren Inhalt wird durch eine private Person ohne kommerzielle Interessen zur Verf\u00fcgung gestellt. Verantwortliche Stelle im Sinne der Datenschutzgesetze, insbesondere der EU-Datenschutzgrundverordnung (DSGVO), lautet: Urs Kyburz Schorenstrasse 31 5734 Reinach AG E-Mail: urs.kyburz@idnu.ch Webseite: https:\/\/in-der-natur-unterwegs.ch Allgemeiner Hinweis Gest\u00fctzt\u2026","rel":"","context":"In \"Datenschutzerkl\u00e4rung\"","block_context":{"text":"Datenschutzerkl\u00e4rung","link":"https:\/\/idnu.ch\/wordpress\/tag\/datenschutzerklaerung\/"},"img":{"alt_text":"","src":"","width":0,"height":0},"classes":[]}],"jetpack_likes_enabled":true,"_links":{"self":[{"href":"https:\/\/idnu.ch\/wordpress\/wp-json\/wp\/v2\/pages\/55","targetHints":{"allow":["GET"]}}],"collection":[{"href":"https:\/\/idnu.ch\/wordpress\/wp-json\/wp\/v2\/pages"}],"about":[{"href":"https:\/\/idnu.ch\/wordpress\/wp-json\/wp\/v2\/types\/page"}],"author":[{"embeddable":true,"href":"https:\/\/idnu.ch\/wordpress\/wp-json\/wp\/v2\/users\/2"}],"replies":[{"embeddable":true,"href":"https:\/\/idnu.ch\/wordpress\/wp-json\/wp\/v2\/comments?post=55"}],"version-history":[{"count":12,"href":"https:\/\/idnu.ch\/wordpress\/wp-json\/wp\/v2\/pages\/55\/revisions"}],"predecessor-version":[{"id":23289,"href":"https:\/\/idnu.ch\/wordpress\/wp-json\/wp\/v2\/pages\/55\/revisions\/23289"}],"wp:attachment":[{"href":"https:\/\/idnu.ch\/wordpress\/wp-json\/wp\/v2\/media?parent=55"}],"wp:term":[{"taxonomy":"post_tag","embeddable":true,"href":"https:\/\/idnu.ch\/wordpress\/wp-json\/wp\/v2\/tags?post=55"}],"curies":[{"name":"wp","href":"https:\/\/api.w.org\/{rel}","templated":true}]}}