{"id":61,"date":"2015-09-23T14:36:01","date_gmt":"2015-09-23T14:36:01","guid":{"rendered":"http:\/\/idnu.ch\/wordpress\/?page_id=61"},"modified":"2015-10-09T14:44:00","modified_gmt":"2015-10-09T14:44:00","slug":"coop-zeitung","status":"publish","type":"page","link":"https:\/\/idnu.ch\/wordpress\/coop-zeitung\/","title":{"rendered":"Coop-Zeitung"},"content":{"rendered":"<p>Ein herbstliche Biketour in Willisau:<br \/>\n<a href=\"https:\/\/idnu.ch\/wordpress\/herbstliche-biketour-bei-willisau\/\">https:\/\/idnu.ch\/wordpress\/herbstliche-biketour-bei-willisau\/<\/a><\/p>\n","protected":false},"excerpt":{"rendered":"<p>Ein herbstliche Biketour in Willisau: https:\/\/idnu.ch\/wordpress\/herbstliche-biketour-bei-willisau\/<\/p>\n","protected":false},"author":2,"featured_media":0,"parent":0,"menu_order":0,"comment_status":"closed","ping_status":"closed","template":"","meta":{"_monsterinsights_skip_tracking":false,"_monsterinsights_sitenote_active":false,"_monsterinsights_sitenote_note":"","_monsterinsights_sitenote_category":0,"jetpack_post_was_ever_published":false,"footnotes":""},"tags":[],"class_list":["post-61","page","type-page","status-publish","hentry"],"yoast_head":"<!-- This site is optimized with the Yoast SEO plugin v27.4 - https:\/\/yoast.com\/product\/yoast-seo-wordpress\/ -->\n<title>Coop-Zeitung - In der Natur unterwegs<\/title>\n<meta name=\"robots\" content=\"index, follow, max-snippet:-1, max-image-preview:large, max-video-preview:-1\" \/>\n<link rel=\"canonical\" href=\"https:\/\/idnu.ch\/wordpress\/coop-zeitung\/\" \/>\n<meta property=\"og:locale\" content=\"de_DE\" \/>\n<meta property=\"og:type\" content=\"article\" \/>\n<meta property=\"og:title\" content=\"Coop-Zeitung - In der Natur unterwegs\" \/>\n<meta property=\"og:description\" content=\"Ein herbstliche Biketour in Willisau: https:\/\/idnu.ch\/wordpress\/herbstliche-biketour-bei-willisau\/\" \/>\n<meta property=\"og:url\" content=\"https:\/\/idnu.ch\/wordpress\/coop-zeitung\/\" \/>\n<meta property=\"og:site_name\" content=\"In der Natur unterwegs\" \/>\n<meta property=\"article:modified_time\" content=\"2015-10-09T14:44:00+00:00\" \/>\n<meta name=\"twitter:card\" content=\"summary_large_image\" \/>\n<meta name=\"twitter:site\" content=\"@idnu_ch\" \/>\n<script type=\"application\/ld+json\" class=\"yoast-schema-graph\">{\"@context\":\"https:\\\/\\\/schema.org\",\"@graph\":[{\"@type\":\"WebPage\",\"@id\":\"https:\\\/\\\/idnu.ch\\\/wordpress\\\/coop-zeitung\\\/\",\"url\":\"https:\\\/\\\/idnu.ch\\\/wordpress\\\/coop-zeitung\\\/\",\"name\":\"Coop-Zeitung - In der Natur unterwegs\",\"isPartOf\":{\"@id\":\"https:\\\/\\\/idnu.ch\\\/wordpress\\\/#website\"},\"datePublished\":\"2015-09-23T14:36:01+00:00\",\"dateModified\":\"2015-10-09T14:44:00+00:00\",\"breadcrumb\":{\"@id\":\"https:\\\/\\\/idnu.ch\\\/wordpress\\\/coop-zeitung\\\/#breadcrumb\"},\"inLanguage\":\"de\",\"potentialAction\":[{\"@type\":\"ReadAction\",\"target\":[\"https:\\\/\\\/idnu.ch\\\/wordpress\\\/coop-zeitung\\\/\"]}]},{\"@type\":\"BreadcrumbList\",\"@id\":\"https:\\\/\\\/idnu.ch\\\/wordpress\\\/coop-zeitung\\\/#breadcrumb\",\"itemListElement\":[{\"@type\":\"ListItem\",\"position\":1,\"name\":\"Startseite\",\"item\":\"https:\\\/\\\/idnu.ch\\\/wordpress\\\/\"},{\"@type\":\"ListItem\",\"position\":2,\"name\":\"Coop-Zeitung\"}]},{\"@type\":\"WebSite\",\"@id\":\"https:\\\/\\\/idnu.ch\\\/wordpress\\\/#website\",\"url\":\"https:\\\/\\\/idnu.ch\\\/wordpress\\\/\",\"name\":\"In der Natur unterwegs\",\"description\":\"Dort, wo es am sch\u00f6nsten ist\",\"publisher\":{\"@id\":\"https:\\\/\\\/idnu.ch\\\/wordpress\\\/#\\\/schema\\\/person\\\/1ab8c5de743be7b019272124c19ad351\"},\"potentialAction\":[{\"@type\":\"SearchAction\",\"target\":{\"@type\":\"EntryPoint\",\"urlTemplate\":\"https:\\\/\\\/idnu.ch\\\/wordpress\\\/?s={search_term_string}\"},\"query-input\":{\"@type\":\"PropertyValueSpecification\",\"valueRequired\":true,\"valueName\":\"search_term_string\"}}],\"inLanguage\":\"de\"},{\"@type\":[\"Person\",\"Organization\"],\"@id\":\"https:\\\/\\\/idnu.ch\\\/wordpress\\\/#\\\/schema\\\/person\\\/1ab8c5de743be7b019272124c19ad351\",\"name\":\"Urs Kyburz\",\"image\":{\"@type\":\"ImageObject\",\"inLanguage\":\"de\",\"@id\":\"https:\\\/\\\/i0.wp.com\\\/idnu.ch\\\/wordpress\\\/wp-content\\\/uploads\\\/2016\\\/02\\\/logo_150x165.gif?fit=3151%2C3456&ssl=1\",\"url\":\"https:\\\/\\\/i0.wp.com\\\/idnu.ch\\\/wordpress\\\/wp-content\\\/uploads\\\/2016\\\/02\\\/logo_150x165.gif?fit=3151%2C3456&ssl=1\",\"contentUrl\":\"https:\\\/\\\/i0.wp.com\\\/idnu.ch\\\/wordpress\\\/wp-content\\\/uploads\\\/2016\\\/02\\\/logo_150x165.gif?fit=3151%2C3456&ssl=1\",\"width\":3151,\"height\":3456,\"caption\":\"Urs Kyburz\"},\"logo\":{\"@id\":\"https:\\\/\\\/i0.wp.com\\\/idnu.ch\\\/wordpress\\\/wp-content\\\/uploads\\\/2016\\\/02\\\/logo_150x165.gif?fit=3151%2C3456&ssl=1\"}}]}<\/script>\n<!-- \/ Yoast SEO plugin. -->","yoast_head_json":{"title":"Coop-Zeitung - In der Natur unterwegs","robots":{"index":"index","follow":"follow","max-snippet":"max-snippet:-1","max-image-preview":"max-image-preview:large","max-video-preview":"max-video-preview:-1"},"canonical":"https:\/\/idnu.ch\/wordpress\/coop-zeitung\/","og_locale":"de_DE","og_type":"article","og_title":"Coop-Zeitung - In der Natur unterwegs","og_description":"Ein herbstliche Biketour in Willisau: https:\/\/idnu.ch\/wordpress\/herbstliche-biketour-bei-willisau\/","og_url":"https:\/\/idnu.ch\/wordpress\/coop-zeitung\/","og_site_name":"In der Natur unterwegs","article_modified_time":"2015-10-09T14:44:00+00:00","twitter_card":"summary_large_image","twitter_site":"@idnu_ch","schema":{"@context":"https:\/\/schema.org","@graph":[{"@type":"WebPage","@id":"https:\/\/idnu.ch\/wordpress\/coop-zeitung\/","url":"https:\/\/idnu.ch\/wordpress\/coop-zeitung\/","name":"Coop-Zeitung - In der Natur unterwegs","isPartOf":{"@id":"https:\/\/idnu.ch\/wordpress\/#website"},"datePublished":"2015-09-23T14:36:01+00:00","dateModified":"2015-10-09T14:44:00+00:00","breadcrumb":{"@id":"https:\/\/idnu.ch\/wordpress\/coop-zeitung\/#breadcrumb"},"inLanguage":"de","potentialAction":[{"@type":"ReadAction","target":["https:\/\/idnu.ch\/wordpress\/coop-zeitung\/"]}]},{"@type":"BreadcrumbList","@id":"https:\/\/idnu.ch\/wordpress\/coop-zeitung\/#breadcrumb","itemListElement":[{"@type":"ListItem","position":1,"name":"Startseite","item":"https:\/\/idnu.ch\/wordpress\/"},{"@type":"ListItem","position":2,"name":"Coop-Zeitung"}]},{"@type":"WebSite","@id":"https:\/\/idnu.ch\/wordpress\/#website","url":"https:\/\/idnu.ch\/wordpress\/","name":"In der Natur unterwegs","description":"Dort, wo es am sch\u00f6nsten ist","publisher":{"@id":"https:\/\/idnu.ch\/wordpress\/#\/schema\/person\/1ab8c5de743be7b019272124c19ad351"},"potentialAction":[{"@type":"SearchAction","target":{"@type":"EntryPoint","urlTemplate":"https:\/\/idnu.ch\/wordpress\/?s={search_term_string}"},"query-input":{"@type":"PropertyValueSpecification","valueRequired":true,"valueName":"search_term_string"}}],"inLanguage":"de"},{"@type":["Person","Organization"],"@id":"https:\/\/idnu.ch\/wordpress\/#\/schema\/person\/1ab8c5de743be7b019272124c19ad351","name":"Urs Kyburz","image":{"@type":"ImageObject","inLanguage":"de","@id":"https:\/\/i0.wp.com\/idnu.ch\/wordpress\/wp-content\/uploads\/2016\/02\/logo_150x165.gif?fit=3151%2C3456&ssl=1","url":"https:\/\/i0.wp.com\/idnu.ch\/wordpress\/wp-content\/uploads\/2016\/02\/logo_150x165.gif?fit=3151%2C3456&ssl=1","contentUrl":"https:\/\/i0.wp.com\/idnu.ch\/wordpress\/wp-content\/uploads\/2016\/02\/logo_150x165.gif?fit=3151%2C3456&ssl=1","width":3151,"height":3456,"caption":"Urs Kyburz"},"logo":{"@id":"https:\/\/i0.wp.com\/idnu.ch\/wordpress\/wp-content\/uploads\/2016\/02\/logo_150x165.gif?fit=3151%2C3456&ssl=1"}}]}},"jetpack_sharing_enabled":true,"jetpack_shortlink":"https:\/\/wp.me\/P6MmGG-Z","jetpack-related-posts":[{"id":18214,"url":"https:\/\/idnu.ch\/wordpress\/buecher\/das-bergtourenbuch-fuer-familien\/","url_meta":{"origin":61,"position":0},"title":"Das Bergtourenbuch f\u00fcr Familien","author":"Urs Kyburz","date":"1. Mai 2021","format":false,"excerpt":"Das Bergtourenbuch f\u00fcr Familien beschreibt 21 wunderbare Wanderungen in der Schweiz, von der kleinen Jurawanderung bis zum Dreitausender. Einleitung Berge faszinieren. Die meisten kennen sie aber nur von den Bergstationen der Bahnen her. Mit diesem F\u00fchrer haben Sie sich entschieden, etwas anderes zu wagen. Richtig hinein in die Bergwelt. Verlassen\u2026","rel":"","context":"\u00c4hnlicher Beitrag","block_context":{"text":"\u00c4hnlicher Beitrag","link":""},"img":{"alt_text":"","src":"https:\/\/i0.wp.com\/idnu.ch\/wordpress\/wp-content\/uploads\/2020\/02\/breccaschlund-4.jpg?fit=1200%2C800&ssl=1&resize=350%2C200","width":350,"height":200,"srcset":"https:\/\/i0.wp.com\/idnu.ch\/wordpress\/wp-content\/uploads\/2020\/02\/breccaschlund-4.jpg?fit=1200%2C800&ssl=1&resize=350%2C200 1x, https:\/\/i0.wp.com\/idnu.ch\/wordpress\/wp-content\/uploads\/2020\/02\/breccaschlund-4.jpg?fit=1200%2C800&ssl=1&resize=525%2C300 1.5x, https:\/\/i0.wp.com\/idnu.ch\/wordpress\/wp-content\/uploads\/2020\/02\/breccaschlund-4.jpg?fit=1200%2C800&ssl=1&resize=700%2C400 2x, https:\/\/i0.wp.com\/idnu.ch\/wordpress\/wp-content\/uploads\/2020\/02\/breccaschlund-4.jpg?fit=1200%2C800&ssl=1&resize=1050%2C600 3x"},"classes":[]},{"id":55,"url":"https:\/\/idnu.ch\/wordpress\/buecher\/","url_meta":{"origin":61,"position":1},"title":"B\u00fccher","author":"Urs Kyburz","date":"23. September 2015","format":false,"excerpt":"U. Kyburz Das Velobuch f\u00fcr Familien 14 Touren und informative Kapitel zu den Themen Velofahren mit Kindern vom Anh\u00e4nger zum eigenen Velo, Tourenplanung und einfachen Reparaturen. Touren: Einmal quer durch den Jura \u2013 Transjurane Eine Wochentour entlang dem Rhein \u201eDr sch\u00f6ne gr\u00fcene Aare na\u201c Im Vorgarten der Alpen: Menziken \u2013\u2026","rel":"","context":"\u00c4hnlicher Beitrag","block_context":{"text":"\u00c4hnlicher Beitrag","link":""},"img":{"alt_text":"Das Velobuch f\u00fcr Familien","src":"https:\/\/i0.wp.com\/idnu.ch\/wordpress\/wp-content\/uploads\/2017\/04\/205_600x600_DasVelobuchfrFamilien10_velobuch_2017_cover-215x300.jpg?resize=350%2C200&ssl=1","width":350,"height":200},"classes":[]},{"id":38,"url":"https:\/\/idnu.ch\/wordpress\/ueber-uns\/","url_meta":{"origin":61,"position":2},"title":"\u00dcber uns","author":"Urs Kyburz","date":"2. November 2015","format":false,"excerpt":"Unsere Familie ist am liebsten in der Natur unterwegs: Als Wanderer, Biker, Kletterer, Skitourengeher, Bergsteiger, Naturbeobachter. Wir bereisen auf diese Art die ganze Schweiz und lieben es, immer wieder neue Gegenden zu entdecken. All diese Touren schweissen uns zusammen, wir sind ein Outdoor-Team. \u00a0(*1971) Seit den 90er Jahren bin ich\u2026","rel":"","context":"\u00c4hnlicher Beitrag","block_context":{"text":"\u00c4hnlicher Beitrag","link":""},"img":{"alt_text":"Urs Kyburz","src":"https:\/\/i0.wp.com\/idnu.ch\/wordpress\/wp-content\/uploads\/2015\/11\/urs-20171021-150x150.jpg?resize=350%2C200&ssl=1","width":350,"height":200},"classes":[]},{"id":58,"url":"https:\/\/idnu.ch\/wordpress\/wandermagazin\/","url_meta":{"origin":61,"position":3},"title":"Wandermagazin","author":"Urs Kyburz","date":"23. September 2015","format":false,"excerpt":"Meine Familientipps im Wandermagazin SCHWEIZ: Mehrtageswanderung durch das Hinterland von Locarno Heft 7\/2016 Printausgabe bestellen Digitale Ausgabe bestellen Ausf\u00fchrlicher Bericht unter\u00a0Vier T\u00e4ler, drei P\u00e4sse im Locarnese Langlaufen im L\u00f6tschental: F\u00fcr Kinder geeignet? Heft 01_02\/2016 Bestellen Ausf\u00fchrlicher Bericht unter\u00a0Sport und Erholung im L\u00f6tschental Der Wald im Winter: Was man so alles\u2026","rel":"","context":"\u00c4hnlicher Beitrag","block_context":{"text":"\u00c4hnlicher Beitrag","link":""},"img":{"alt_text":"Durchs wilde Locarnese","src":"https:\/\/i0.wp.com\/idnu.ch\/wordpress\/wp-content\/uploads\/2016\/06\/4taeler3paesse-207x300.jpg?resize=350%2C200&ssl=1","width":350,"height":200},"classes":[]},{"id":52,"url":"https:\/\/idnu.ch\/wordpress\/publikationen\/","url_meta":{"origin":61,"position":4},"title":"Publikationen","author":"Urs Kyburz","date":"23. September 2015","format":false,"excerpt":"","rel":"","context":"\u00c4hnlicher Beitrag","block_context":{"text":"\u00c4hnlicher Beitrag","link":""},"img":{"alt_text":"","src":"","width":0,"height":0},"classes":[]},{"id":48,"url":"https:\/\/idnu.ch\/wordpress\/portfolio\/","url_meta":{"origin":61,"position":5},"title":"Portfolio","author":"Urs Kyburz","date":"23. September 2015","format":false,"excerpt":"[jsg500px]","rel":"","context":"\u00c4hnlicher Beitrag","block_context":{"text":"\u00c4hnlicher Beitrag","link":""},"img":{"alt_text":"","src":"","width":0,"height":0},"classes":[]}],"jetpack_likes_enabled":true,"_links":{"self":[{"href":"https:\/\/idnu.ch\/wordpress\/wp-json\/wp\/v2\/pages\/61","targetHints":{"allow":["GET"]}}],"collection":[{"href":"https:\/\/idnu.ch\/wordpress\/wp-json\/wp\/v2\/pages"}],"about":[{"href":"https:\/\/idnu.ch\/wordpress\/wp-json\/wp\/v2\/types\/page"}],"author":[{"embeddable":true,"href":"https:\/\/idnu.ch\/wordpress\/wp-json\/wp\/v2\/users\/2"}],"replies":[{"embeddable":true,"href":"https:\/\/idnu.ch\/wordpress\/wp-json\/wp\/v2\/comments?post=61"}],"version-history":[{"count":2,"href":"https:\/\/idnu.ch\/wordpress\/wp-json\/wp\/v2\/pages\/61\/revisions"}],"predecessor-version":[{"id":1200,"href":"https:\/\/idnu.ch\/wordpress\/wp-json\/wp\/v2\/pages\/61\/revisions\/1200"}],"wp:attachment":[{"href":"https:\/\/idnu.ch\/wordpress\/wp-json\/wp\/v2\/media?parent=61"}],"wp:term":[{"taxonomy":"post_tag","embeddable":true,"href":"https:\/\/idnu.ch\/wordpress\/wp-json\/wp\/v2\/tags?post=61"}],"curies":[{"name":"wp","href":"https:\/\/api.w.org\/{rel}","templated":true}]}}